{"id":26845,"date":"2022-11-07T18:36:26","date_gmt":"2022-11-07T18:36:26","guid":{"rendered":"https:\/\/thebluemanakin.com\/agenci-web-3-0\/agencia-marketing-web-3-0\/estrategia-de-branding-web-3-0\/tom-de-voz-3-0\/"},"modified":"2022-12-08T14:59:13","modified_gmt":"2022-12-08T14:59:13","slug":"tom-de-voz-3-0","status":"publish","type":"page","link":"https:\/\/thebluemanakin.com\/pt-br\/agenci-web-3-0\/agencia-marketing-web-3-0\/estrategia-de-branding-web-3-0\/tom-de-voz-3-0\/","title":{"rendered":"Tom de voz 3.0"},"content":{"rendered":"\t\t<div data-elementor-type=\"wp-page\" data-elementor-id=\"26845\" class=\"elementor elementor-26845 elementor-25001\">\n\t\t\t\t\t\t<section class=\"elementor-section elementor-top-section elementor-element elementor-element-86e405 elementor-section-full_width elementor-section-stretched elementor-section-height-default elementor-section-height-default wpr-particle-no wpr-jarallax-no wpr-parallax-no wpr-sticky-section-no wpr-column-slider-no wpr-equal-height-no\" data-id=\"86e405\" data-element_type=\"section\" data-settings=\"{&quot;stretch_section&quot;:&quot;section-stretched&quot;,&quot;background_background&quot;:&quot;classic&quot;}\">\n\t\t\t\t\t\t<div class=\"elementor-container elementor-column-gap-extended\">\n\t\t\t\t\t<div class=\"elementor-column elementor-col-100 elementor-top-column elementor-element elementor-element-2f12c550\" data-id=\"2f12c550\" data-element_type=\"column\">\n\t\t\t<div class=\"elementor-widget-wrap elementor-element-populated\">\n\t\t\t\t\t\t<section class=\"elementor-section elementor-inner-section elementor-element elementor-element-35e1e129 elementor-section-height-min-height elementor-section-content-middle elementor-section-boxed elementor-section-height-default wpr-particle-no wpr-jarallax-no wpr-parallax-no wpr-sticky-section-no wpr-column-slider-no wpr-equal-height-no\" data-id=\"35e1e129\" data-element_type=\"section\">\n\t\t\t\t\t\t<div class=\"elementor-container elementor-column-gap-default\">\n\t\t\t\t\t<div class=\"elementor-column elementor-col-100 elementor-inner-column elementor-element elementor-element-100ef08f\" data-id=\"100ef08f\" data-element_type=\"column\">\n\t\t\t<div class=\"elementor-widget-wrap elementor-element-populated\">\n\t\t\t\t\t\t<div class=\"elementor-element elementor-element-5d4b1f56 elementor-widget elementor-widget-heading\" data-id=\"5d4b1f56\" data-element_type=\"widget\" data-widget_type=\"heading.default\">\n\t\t\t\t<div class=\"elementor-widget-container\">\n\t\t\t\t\t<h1 class=\"elementor-heading-title elementor-size-default\">Tom de voz 3.0<\/h1>\t\t\t\t<\/div>\n\t\t\t\t<\/div>\n\t\t\t\t\t<\/div>\n\t\t<\/div>\n\t\t\t\t\t<\/div>\n\t\t<\/section>\n\t\t\t\t\t<\/div>\n\t\t<\/div>\n\t\t\t\t\t<\/div>\n\t\t<\/section>\n\t\t\t\t<section class=\"elementor-section elementor-top-section elementor-element elementor-element-5d77ad06 elementor-section-full_width elementor-section-height-min-height elementor-section-stretched elementor-section-height-default elementor-section-items-middle wpr-particle-no wpr-jarallax-no wpr-parallax-no wpr-sticky-section-no wpr-column-slider-no wpr-equal-height-no\" data-id=\"5d77ad06\" data-element_type=\"section\" data-settings=\"{&quot;stretch_section&quot;:&quot;section-stretched&quot;,&quot;background_background&quot;:&quot;classic&quot;}\">\n\t\t\t\t\t\t<div class=\"elementor-container elementor-column-gap-default\">\n\t\t\t\t\t<div class=\"elementor-column elementor-col-100 elementor-top-column elementor-element elementor-element-2ccc6179\" data-id=\"2ccc6179\" data-element_type=\"column\">\n\t\t\t<div class=\"elementor-widget-wrap elementor-element-populated\">\n\t\t\t\t\t\t<section class=\"elementor-section elementor-inner-section elementor-element elementor-element-31a4be86 elementor-section-boxed elementor-section-height-default elementor-section-height-default wpr-particle-no wpr-jarallax-no wpr-parallax-no wpr-sticky-section-no wpr-column-slider-no wpr-equal-height-no\" data-id=\"31a4be86\" data-element_type=\"section\">\n\t\t\t\t\t\t<div class=\"elementor-container elementor-column-gap-default\">\n\t\t\t\t\t<div class=\"elementor-column elementor-col-50 elementor-inner-column elementor-element elementor-element-4a1cb463\" data-id=\"4a1cb463\" data-element_type=\"column\">\n\t\t\t<div class=\"elementor-widget-wrap elementor-element-populated\">\n\t\t\t\t\t\t<div class=\"elementor-element elementor-element-17301814 elementor-widget elementor-widget-text-editor\" data-id=\"17301814\" data-element_type=\"widget\" data-widget_type=\"text-editor.default\">\n\t\t\t\t<div class=\"elementor-widget-container\">\n\t\t\t\t\t\t\t\t\t<p><span style=\"font-weight: 400;\">O tom de voz de uma marca \u00e9, em suma, a forma como ela se comunica com seu p\u00fablico, por meio de conte\u00fados publicit\u00e1rios, redes sociais, blogs, v\u00eddeos, infogr\u00e1ficos e todo tipo de intera\u00e7\u00e3o com o p\u00fablico. \u00c9 essencial diferenciar-se da concorr\u00eancia e comunicar os valores da sua marca ao p\u00fablico.<\/span><\/p>\n\t\t\t\t\t\t\t\t<\/div>\n\t\t\t\t<\/div>\n\t\t\t\t<div class=\"elementor-element elementor-element-6a04abb7 elementor-widget elementor-widget-button\" data-id=\"6a04abb7\" data-element_type=\"widget\" data-widget_type=\"button.default\">\n\t\t\t\t<div class=\"elementor-widget-container\">\n\t\t\t\t\t\t\t\t\t<div class=\"elementor-button-wrapper\">\n\t\t\t\t\t<a class=\"elementor-button elementor-button-link elementor-size-sm\" href=\"#\" data-toggle=\"modal\" data-target=\"#getstarted\">\n\t\t\t\t\t\t<span class=\"elementor-button-content-wrapper\">\n\t\t\t\t\t\t\t\t\t<span class=\"elementor-button-text\">Fale conosco<\/span>\n\t\t\t\t\t<\/span>\n\t\t\t\t\t<\/a>\n\t\t\t\t<\/div>\n\t\t\t\t\t\t\t\t<\/div>\n\t\t\t\t<\/div>\n\t\t\t\t\t<\/div>\n\t\t<\/div>\n\t\t\t\t<div class=\"elementor-column elementor-col-50 elementor-inner-column elementor-element elementor-element-790eca3d\" data-id=\"790eca3d\" data-element_type=\"column\">\n\t\t\t<div class=\"elementor-widget-wrap elementor-element-populated\">\n\t\t\t\t\t\t<div class=\"elementor-element elementor-element-58975ddc elementor-widget elementor-widget-image\" data-id=\"58975ddc\" data-element_type=\"widget\" data-widget_type=\"image.default\">\n\t\t\t\t<div class=\"elementor-widget-container\">\n\t\t\t\t\t\t\t\t\t\t\t\t\t\t\t<img fetchpriority=\"high\" decoding=\"async\" width=\"525\" height=\"506\" src=\"https:\/\/thebluemanakin.com\/wp-content\/uploads\/2022\/09\/agencia-3-0.png\" class=\"attachment-large size-large wp-image-22483\" alt=\"Agencia 3.0\" srcset=\"https:\/\/thebluemanakin.com\/wp-content\/uploads\/2022\/09\/agencia-3-0.png 600w, https:\/\/thebluemanakin.com\/wp-content\/uploads\/2022\/09\/agencia-3-0-300x289.png 300w\" sizes=\"(max-width: 525px) 100vw, 525px\" \/>\t\t\t\t\t\t\t\t\t\t\t\t\t\t\t<\/div>\n\t\t\t\t<\/div>\n\t\t\t\t\t<\/div>\n\t\t<\/div>\n\t\t\t\t\t<\/div>\n\t\t<\/section>\n\t\t\t\t\t<\/div>\n\t\t<\/div>\n\t\t\t\t\t<\/div>\n\t\t<\/section>\n\t\t\t\t<section class=\"elementor-section elementor-top-section elementor-element elementor-element-77ec79cf elementor-section-full_width elementor-section-stretched elementor-section-height-default elementor-section-height-default wpr-particle-no wpr-jarallax-no wpr-parallax-no wpr-sticky-section-no wpr-column-slider-no wpr-equal-height-no\" data-id=\"77ec79cf\" data-element_type=\"section\" data-settings=\"{&quot;stretch_section&quot;:&quot;section-stretched&quot;,&quot;background_background&quot;:&quot;classic&quot;}\">\n\t\t\t\t\t\t<div class=\"elementor-container elementor-column-gap-default\">\n\t\t\t\t\t<div class=\"elementor-column elementor-col-100 elementor-top-column elementor-element elementor-element-39396050\" data-id=\"39396050\" data-element_type=\"column\">\n\t\t\t<div class=\"elementor-widget-wrap elementor-element-populated\">\n\t\t\t\t\t\t<section class=\"elementor-section elementor-inner-section elementor-element elementor-element-61ae3540 elementor-section-boxed elementor-section-height-default elementor-section-height-default wpr-particle-no wpr-jarallax-no wpr-parallax-no wpr-sticky-section-no wpr-column-slider-no wpr-equal-height-no\" data-id=\"61ae3540\" data-element_type=\"section\">\n\t\t\t\t\t\t<div class=\"elementor-container elementor-column-gap-default\">\n\t\t\t\t\t<div class=\"elementor-column elementor-col-100 elementor-inner-column elementor-element elementor-element-2aa620e4\" data-id=\"2aa620e4\" data-element_type=\"column\">\n\t\t\t<div class=\"elementor-widget-wrap elementor-element-populated\">\n\t\t\t\t\t\t<div class=\"elementor-element elementor-element-7a37c3ff elementor-widget elementor-widget-heading\" data-id=\"7a37c3ff\" data-element_type=\"widget\" data-widget_type=\"heading.default\">\n\t\t\t\t<div class=\"elementor-widget-container\">\n\t\t\t\t\t<h2 class=\"elementor-heading-title elementor-size-default\">A import\u00e2ncia do tom de voz<\/h2>\t\t\t\t<\/div>\n\t\t\t\t<\/div>\n\t\t\t\t<div class=\"elementor-element elementor-element-66bb5952 elementor-widget elementor-widget-text-editor\" data-id=\"66bb5952\" data-element_type=\"widget\" data-widget_type=\"text-editor.default\">\n\t\t\t\t<div class=\"elementor-widget-container\">\n\t\t\t\t\t\t\t\t\t<p><span style=\"font-weight: 400;\">Criar o tom de voz para as marcas \u00e9 uma tarefa complexa e delicada, composta por v\u00e1rias fases de pesquisa, an\u00e1lise e desenvolvimento.<\/span><\/p>\n<p><span style=\"font-weight: 400;\">A cria\u00e7\u00e3o do tom de voz de uma marca \u00e9 baseada nos valores da marca, os par\u00e2metros e a personalidade definidos na reivindica\u00e7\u00e3o s\u00e3o de vital import\u00e2ncia para o posicionamento no mercado. Em outras palavras, o tom de voz estabelece uma linguagem estil\u00edstica da marca.<\/span><\/p>\n<p><span style=\"font-weight: 400;\">A percep\u00e7\u00e3o dos usu\u00e1rios \u00e9 fundamental, desenvolver uma alta sensibilidade para com a comunidade de refer\u00eancia permite criar uma comunica\u00e7\u00e3o de sucesso, necess\u00e1ria para se diferenciar dos concorrentes e aumentar a intera\u00e7\u00e3o do usu\u00e1rio.<\/span><\/p>\n\t\t\t\t\t\t\t\t<\/div>\n\t\t\t\t<\/div>\n\t\t\t\t\t<\/div>\n\t\t<\/div>\n\t\t\t\t\t<\/div>\n\t\t<\/section>\n\t\t\t\t<section class=\"elementor-section elementor-inner-section elementor-element elementor-element-75f29595 elementor-section-boxed elementor-section-height-default elementor-section-height-default wpr-particle-no wpr-jarallax-no wpr-parallax-no wpr-sticky-section-no wpr-column-slider-no wpr-equal-height-no\" data-id=\"75f29595\" data-element_type=\"section\">\n\t\t\t\t\t\t<div class=\"elementor-container elementor-column-gap-default\">\n\t\t\t\t\t<div class=\"elementor-column elementor-col-100 elementor-inner-column elementor-element elementor-element-3578cf85\" data-id=\"3578cf85\" data-element_type=\"column\">\n\t\t\t<div class=\"elementor-widget-wrap elementor-element-populated\">\n\t\t\t\t\t\t<div class=\"elementor-element elementor-element-85eaa48 elementor-widget elementor-widget-heading\" data-id=\"85eaa48\" data-element_type=\"widget\" data-widget_type=\"heading.default\">\n\t\t\t\t<div class=\"elementor-widget-container\">\n\t\t\t\t\t<h2 class=\"elementor-heading-title elementor-size-default\">Somos especialistas no desenvolvimento do Tom de Voz 3.0<\/h2>\t\t\t\t<\/div>\n\t\t\t\t<\/div>\n\t\t\t\t<div class=\"elementor-element elementor-element-2de59933 elementor-widget elementor-widget-text-editor\" data-id=\"2de59933\" data-element_type=\"widget\" data-widget_type=\"text-editor.default\">\n\t\t\t\t<div class=\"elementor-widget-container\">\n\t\t\t\t\t\t\t\t\t<span style=\"font-weight: 400;\">Al\u00e9m de estabelecer o tom de voz, nossos especialistas em comunica\u00e7\u00e3o 3.0 criam um manual editorial incluindo v\u00e1rios par\u00e2metros como: termos de linguagem, estilo, sintaxe e modo de intera\u00e7\u00e3o.<\/span>\r\n\r\n<span style=\"font-weight: 400;\">Com experi\u00eancia de mais de 10 anos no desenvolvimento de manuais editoriais especializados em tom de voz, a Blue Manakin \u00e9 uma ag\u00eancia de marketing 3.0 constantemente atualizada sobre as novas tend\u00eancias do mercado 3.0.<\/span>\t\t\t\t\t\t\t\t<\/div>\n\t\t\t\t<\/div>\n\t\t\t\t\t<\/div>\n\t\t<\/div>\n\t\t\t\t\t<\/div>\n\t\t<\/section>\n\t\t\t\t\t<\/div>\n\t\t<\/div>\n\t\t\t\t\t<\/div>\n\t\t<\/section>\n\t\t\t\t<\/div>\n\t\t","protected":false},"excerpt":{"rendered":"<p>Tom de voz 3.0 O tom de voz de uma marca \u00e9, em suma, a forma como ela se comunica com seu p\u00fablico, por meio de conte\u00fados publicit\u00e1rios, redes sociais, blogs, v\u00eddeos, infogr\u00e1ficos e todo tipo de intera\u00e7\u00e3o com o p\u00fablico. \u00c9 essencial diferenciar-se da concorr\u00eancia e comunicar os valores da sua marca ao p\u00fablico. Fale conosco A import\u00e2ncia do tom de voz Criar o tom de voz para as marcas \u00e9 uma tarefa complexa e delicada, composta por v\u00e1rias fases de pesquisa, an\u00e1lise e desenvolvimento. A cria\u00e7\u00e3o do tom de voz de uma marca \u00e9 baseada nos valores da marca, os par\u00e2metros e a personalidade definidos na reivindica\u00e7\u00e3o s\u00e3o de vital import\u00e2ncia para o posicionamento no mercado. Em outras palavras, o tom de voz estabelece uma linguagem estil\u00edstica da marca. A percep\u00e7\u00e3o dos usu\u00e1rios \u00e9 fundamental, desenvolver uma alta sensibilidade para com a comunidade de refer\u00eancia permite criar uma comunica\u00e7\u00e3o de sucesso, necess\u00e1ria para se diferenciar dos concorrentes e aumentar a intera\u00e7\u00e3o do usu\u00e1rio. Somos especialistas no desenvolvimento do Tom de Voz 3.0 Al\u00e9m de estabelecer o tom de voz, nossos especialistas em comunica\u00e7\u00e3o 3.0 criam um manual editorial incluindo v\u00e1rios par\u00e2metros como: termos de linguagem, estilo, sintaxe e modo de intera\u00e7\u00e3o. Com experi\u00eancia de mais de 10 anos no desenvolvimento de manuais editoriais especializados em tom de voz, a Blue Manakin \u00e9 uma ag\u00eancia de marketing 3.0 constantemente atualizada sobre as novas tend\u00eancias do mercado 3.0.<\/p>\n","protected":false},"author":6,"featured_media":0,"parent":24678,"menu_order":0,"comment_status":"closed","ping_status":"closed","template":"","meta":{"content-type":"","telegram_tosend":false,"telegram_tosend_message":"","telegram_tosend_target":0,"ep_exclude_from_search":false,"footnotes":""},"class_list":["post-26845","page","type-page","status-publish","hentry"],"yoast_head":"<!-- This site is optimized with the Yoast SEO plugin v24.4 - https:\/\/yoast.com\/wordpress\/plugins\/seo\/ -->\n<title>Tom de voz 3.0 | Blue Manakin<\/title>\n<meta name=\"description\" content=\"Confie na Blue Manakin para desenvolver o Tom de Voz da sua marca. Temos uma vasta experi\u00eancia em estrat\u00e9gias de comunica\u00e7\u00e3o 3.0.\" \/>\n<meta name=\"robots\" content=\"index, follow, max-snippet:-1, max-image-preview:large, max-video-preview:-1\" \/>\n<link rel=\"canonical\" href=\"https:\/\/thebluemanakin.com\/pt-br\/agenci-web-3-0\/agencia-marketing-web-3-0\/estrategia-de-branding-web-3-0\/tom-de-voz-3-0\/\" \/>\n<meta property=\"og:locale\" content=\"pt_BR\" \/>\n<meta property=\"og:type\" content=\"article\" \/>\n<meta property=\"og:title\" content=\"Tom de voz 3.0 | Blue Manakin\" \/>\n<meta property=\"og:description\" content=\"Confie na Blue Manakin para desenvolver o Tom de Voz da sua marca. Temos uma vasta experi\u00eancia em estrat\u00e9gias de comunica\u00e7\u00e3o 3.0.\" \/>\n<meta property=\"og:url\" content=\"https:\/\/thebluemanakin.com\/pt-br\/agenci-web-3-0\/agencia-marketing-web-3-0\/estrategia-de-branding-web-3-0\/tom-de-voz-3-0\/\" \/>\n<meta property=\"og:site_name\" content=\"Blue Manakin\" \/>\n<meta property=\"article:modified_time\" content=\"2022-12-08T14:59:13+00:00\" \/>\n<meta property=\"og:image\" content=\"https:\/\/thebluemanakin.com\/wp-content\/uploads\/2022\/09\/agencia-3-0.png\" \/>\n<meta name=\"twitter:card\" content=\"summary_large_image\" \/>\n<meta name=\"twitter:site\" content=\"@thebluemanakin\" \/>\n<meta name=\"twitter:label1\" content=\"Est. tempo de leitura\" \/>\n\t<meta name=\"twitter:data1\" content=\"1 minuto\" \/>\n<script type=\"application\/ld+json\" class=\"yoast-schema-graph\">{\"@context\":\"https:\/\/schema.org\",\"@graph\":[{\"@type\":\"WebPage\",\"@id\":\"https:\/\/thebluemanakin.com\/pt-br\/agenci-web-3-0\/agencia-marketing-web-3-0\/estrategia-de-branding-web-3-0\/tom-de-voz-3-0\/\",\"url\":\"https:\/\/thebluemanakin.com\/pt-br\/agenci-web-3-0\/agencia-marketing-web-3-0\/estrategia-de-branding-web-3-0\/tom-de-voz-3-0\/\",\"name\":\"Tom de voz 3.0 | Blue Manakin\",\"isPartOf\":{\"@id\":\"https:\/\/thebluemanakin.com\/#website\"},\"primaryImageOfPage\":{\"@id\":\"https:\/\/thebluemanakin.com\/pt-br\/agenci-web-3-0\/agencia-marketing-web-3-0\/estrategia-de-branding-web-3-0\/tom-de-voz-3-0\/#primaryimage\"},\"image\":{\"@id\":\"https:\/\/thebluemanakin.com\/pt-br\/agenci-web-3-0\/agencia-marketing-web-3-0\/estrategia-de-branding-web-3-0\/tom-de-voz-3-0\/#primaryimage\"},\"thumbnailUrl\":\"https:\/\/thebluemanakin.com\/wp-content\/uploads\/2022\/09\/agencia-3-0.png\",\"datePublished\":\"2022-11-07T18:36:26+00:00\",\"dateModified\":\"2022-12-08T14:59:13+00:00\",\"description\":\"Confie na Blue Manakin para desenvolver o Tom de Voz da sua marca. Temos uma vasta experi\u00eancia em estrat\u00e9gias de comunica\u00e7\u00e3o 3.0.\",\"breadcrumb\":{\"@id\":\"https:\/\/thebluemanakin.com\/pt-br\/agenci-web-3-0\/agencia-marketing-web-3-0\/estrategia-de-branding-web-3-0\/tom-de-voz-3-0\/#breadcrumb\"},\"inLanguage\":\"pt-BR\",\"potentialAction\":[{\"@type\":\"ReadAction\",\"target\":[\"https:\/\/thebluemanakin.com\/pt-br\/agenci-web-3-0\/agencia-marketing-web-3-0\/estrategia-de-branding-web-3-0\/tom-de-voz-3-0\/\"]}]},{\"@type\":\"ImageObject\",\"inLanguage\":\"pt-BR\",\"@id\":\"https:\/\/thebluemanakin.com\/pt-br\/agenci-web-3-0\/agencia-marketing-web-3-0\/estrategia-de-branding-web-3-0\/tom-de-voz-3-0\/#primaryimage\",\"url\":\"https:\/\/thebluemanakin.com\/wp-content\/uploads\/2022\/09\/agencia-3-0.png\",\"contentUrl\":\"https:\/\/thebluemanakin.com\/wp-content\/uploads\/2022\/09\/agencia-3-0.png\"},{\"@type\":\"BreadcrumbList\",\"@id\":\"https:\/\/thebluemanakin.com\/pt-br\/agenci-web-3-0\/agencia-marketing-web-3-0\/estrategia-de-branding-web-3-0\/tom-de-voz-3-0\/#breadcrumb\",\"itemListElement\":[{\"@type\":\"ListItem\",\"position\":1,\"name\":\"Home\",\"item\":\"https:\/\/thebluemanakin.com\/\"},{\"@type\":\"ListItem\",\"position\":2,\"name\":\"Ag\u00eancia WEB 3.0\",\"item\":\"https:\/\/thebluemanakin.com\/pt-br\/agenci-web-3-0\/\"},{\"@type\":\"ListItem\",\"position\":3,\"name\":\"Ag\u00eancia Marketing Web 3.0\",\"item\":\"https:\/\/thebluemanakin.com\/pt-br\/agenci-web-3-0\/agencia-marketing-web-3-0\/\"},{\"@type\":\"ListItem\",\"position\":4,\"name\":\"Estrat\u00e9gia de Branding Web 3.0\",\"item\":\"https:\/\/thebluemanakin.com\/pt-br\/agenci-web-3-0\/agencia-marketing-web-3-0\/estrategia-de-branding-web-3-0\/\"},{\"@type\":\"ListItem\",\"position\":5,\"name\":\"Tom de voz 3.0\"}]},{\"@type\":\"WebSite\",\"@id\":\"https:\/\/thebluemanakin.com\/#website\",\"url\":\"https:\/\/thebluemanakin.com\/\",\"name\":\"Blue Manakin\",\"description\":\"Blue Manakin. Come Dance With Us!\",\"publisher\":{\"@id\":\"https:\/\/thebluemanakin.com\/#organization\"},\"potentialAction\":[{\"@type\":\"SearchAction\",\"target\":{\"@type\":\"EntryPoint\",\"urlTemplate\":\"https:\/\/thebluemanakin.com\/?s={search_term_string}\"},\"query-input\":{\"@type\":\"PropertyValueSpecification\",\"valueRequired\":true,\"valueName\":\"search_term_string\"}}],\"inLanguage\":\"pt-BR\"},{\"@type\":\"Organization\",\"@id\":\"https:\/\/thebluemanakin.com\/#organization\",\"name\":\"Blue Manakin\",\"url\":\"https:\/\/thebluemanakin.com\/\",\"logo\":{\"@type\":\"ImageObject\",\"inLanguage\":\"pt-BR\",\"@id\":\"https:\/\/thebluemanakin.com\/#\/schema\/logo\/image\/\",\"url\":\"https:\/\/thebluemanakin.com\/wp-content\/uploads\/2021\/07\/cropped-logo-header.png\",\"contentUrl\":\"https:\/\/thebluemanakin.com\/wp-content\/uploads\/2021\/07\/cropped-logo-header.png\",\"width\":613,\"height\":250,\"caption\":\"Blue Manakin\"},\"image\":{\"@id\":\"https:\/\/thebluemanakin.com\/#\/schema\/logo\/image\/\"},\"sameAs\":[\"https:\/\/x.com\/thebluemanakin\",\"https:\/\/www.instagram.com\/thebluemanakin\/\",\"https:\/\/www.linkedin.com\/company\/blue-manakin\"]}]}<\/script>\n<!-- \/ Yoast SEO plugin. -->","yoast_head_json":{"title":"Tom de voz 3.0 | Blue Manakin","description":"Confie na Blue Manakin para desenvolver o Tom de Voz da sua marca. Temos uma vasta experi\u00eancia em estrat\u00e9gias de comunica\u00e7\u00e3o 3.0.","robots":{"index":"index","follow":"follow","max-snippet":"max-snippet:-1","max-image-preview":"max-image-preview:large","max-video-preview":"max-video-preview:-1"},"canonical":"https:\/\/thebluemanakin.com\/pt-br\/agenci-web-3-0\/agencia-marketing-web-3-0\/estrategia-de-branding-web-3-0\/tom-de-voz-3-0\/","og_locale":"pt_BR","og_type":"article","og_title":"Tom de voz 3.0 | Blue Manakin","og_description":"Confie na Blue Manakin para desenvolver o Tom de Voz da sua marca. Temos uma vasta experi\u00eancia em estrat\u00e9gias de comunica\u00e7\u00e3o 3.0.","og_url":"https:\/\/thebluemanakin.com\/pt-br\/agenci-web-3-0\/agencia-marketing-web-3-0\/estrategia-de-branding-web-3-0\/tom-de-voz-3-0\/","og_site_name":"Blue Manakin","article_modified_time":"2022-12-08T14:59:13+00:00","og_image":[{"url":"https:\/\/thebluemanakin.com\/wp-content\/uploads\/2022\/09\/agencia-3-0.png","type":"","width":"","height":""}],"twitter_card":"summary_large_image","twitter_site":"@thebluemanakin","twitter_misc":{"Est. tempo de leitura":"1 minuto"},"schema":{"@context":"https:\/\/schema.org","@graph":[{"@type":"WebPage","@id":"https:\/\/thebluemanakin.com\/pt-br\/agenci-web-3-0\/agencia-marketing-web-3-0\/estrategia-de-branding-web-3-0\/tom-de-voz-3-0\/","url":"https:\/\/thebluemanakin.com\/pt-br\/agenci-web-3-0\/agencia-marketing-web-3-0\/estrategia-de-branding-web-3-0\/tom-de-voz-3-0\/","name":"Tom de voz 3.0 | Blue Manakin","isPartOf":{"@id":"https:\/\/thebluemanakin.com\/#website"},"primaryImageOfPage":{"@id":"https:\/\/thebluemanakin.com\/pt-br\/agenci-web-3-0\/agencia-marketing-web-3-0\/estrategia-de-branding-web-3-0\/tom-de-voz-3-0\/#primaryimage"},"image":{"@id":"https:\/\/thebluemanakin.com\/pt-br\/agenci-web-3-0\/agencia-marketing-web-3-0\/estrategia-de-branding-web-3-0\/tom-de-voz-3-0\/#primaryimage"},"thumbnailUrl":"https:\/\/thebluemanakin.com\/wp-content\/uploads\/2022\/09\/agencia-3-0.png","datePublished":"2022-11-07T18:36:26+00:00","dateModified":"2022-12-08T14:59:13+00:00","description":"Confie na Blue Manakin para desenvolver o Tom de Voz da sua marca. Temos uma vasta experi\u00eancia em estrat\u00e9gias de comunica\u00e7\u00e3o 3.0.","breadcrumb":{"@id":"https:\/\/thebluemanakin.com\/pt-br\/agenci-web-3-0\/agencia-marketing-web-3-0\/estrategia-de-branding-web-3-0\/tom-de-voz-3-0\/#breadcrumb"},"inLanguage":"pt-BR","potentialAction":[{"@type":"ReadAction","target":["https:\/\/thebluemanakin.com\/pt-br\/agenci-web-3-0\/agencia-marketing-web-3-0\/estrategia-de-branding-web-3-0\/tom-de-voz-3-0\/"]}]},{"@type":"ImageObject","inLanguage":"pt-BR","@id":"https:\/\/thebluemanakin.com\/pt-br\/agenci-web-3-0\/agencia-marketing-web-3-0\/estrategia-de-branding-web-3-0\/tom-de-voz-3-0\/#primaryimage","url":"https:\/\/thebluemanakin.com\/wp-content\/uploads\/2022\/09\/agencia-3-0.png","contentUrl":"https:\/\/thebluemanakin.com\/wp-content\/uploads\/2022\/09\/agencia-3-0.png"},{"@type":"BreadcrumbList","@id":"https:\/\/thebluemanakin.com\/pt-br\/agenci-web-3-0\/agencia-marketing-web-3-0\/estrategia-de-branding-web-3-0\/tom-de-voz-3-0\/#breadcrumb","itemListElement":[{"@type":"ListItem","position":1,"name":"Home","item":"https:\/\/thebluemanakin.com\/"},{"@type":"ListItem","position":2,"name":"Ag\u00eancia WEB 3.0","item":"https:\/\/thebluemanakin.com\/pt-br\/agenci-web-3-0\/"},{"@type":"ListItem","position":3,"name":"Ag\u00eancia Marketing Web 3.0","item":"https:\/\/thebluemanakin.com\/pt-br\/agenci-web-3-0\/agencia-marketing-web-3-0\/"},{"@type":"ListItem","position":4,"name":"Estrat\u00e9gia de Branding Web 3.0","item":"https:\/\/thebluemanakin.com\/pt-br\/agenci-web-3-0\/agencia-marketing-web-3-0\/estrategia-de-branding-web-3-0\/"},{"@type":"ListItem","position":5,"name":"Tom de voz 3.0"}]},{"@type":"WebSite","@id":"https:\/\/thebluemanakin.com\/#website","url":"https:\/\/thebluemanakin.com\/","name":"Blue Manakin","description":"Blue Manakin. Come Dance With Us!","publisher":{"@id":"https:\/\/thebluemanakin.com\/#organization"},"potentialAction":[{"@type":"SearchAction","target":{"@type":"EntryPoint","urlTemplate":"https:\/\/thebluemanakin.com\/?s={search_term_string}"},"query-input":{"@type":"PropertyValueSpecification","valueRequired":true,"valueName":"search_term_string"}}],"inLanguage":"pt-BR"},{"@type":"Organization","@id":"https:\/\/thebluemanakin.com\/#organization","name":"Blue Manakin","url":"https:\/\/thebluemanakin.com\/","logo":{"@type":"ImageObject","inLanguage":"pt-BR","@id":"https:\/\/thebluemanakin.com\/#\/schema\/logo\/image\/","url":"https:\/\/thebluemanakin.com\/wp-content\/uploads\/2021\/07\/cropped-logo-header.png","contentUrl":"https:\/\/thebluemanakin.com\/wp-content\/uploads\/2021\/07\/cropped-logo-header.png","width":613,"height":250,"caption":"Blue Manakin"},"image":{"@id":"https:\/\/thebluemanakin.com\/#\/schema\/logo\/image\/"},"sameAs":["https:\/\/x.com\/thebluemanakin","https:\/\/www.instagram.com\/thebluemanakin\/","https:\/\/www.linkedin.com\/company\/blue-manakin"]}]}},"_links":{"self":[{"href":"https:\/\/thebluemanakin.com\/pt-br\/wp-json\/wp\/v2\/pages\/26845","targetHints":{"allow":["GET"]}}],"collection":[{"href":"https:\/\/thebluemanakin.com\/pt-br\/wp-json\/wp\/v2\/pages"}],"about":[{"href":"https:\/\/thebluemanakin.com\/pt-br\/wp-json\/wp\/v2\/types\/page"}],"author":[{"embeddable":true,"href":"https:\/\/thebluemanakin.com\/pt-br\/wp-json\/wp\/v2\/users\/6"}],"replies":[{"embeddable":true,"href":"https:\/\/thebluemanakin.com\/pt-br\/wp-json\/wp\/v2\/comments?post=26845"}],"version-history":[{"count":1,"href":"https:\/\/thebluemanakin.com\/pt-br\/wp-json\/wp\/v2\/pages\/26845\/revisions"}],"predecessor-version":[{"id":26846,"href":"https:\/\/thebluemanakin.com\/pt-br\/wp-json\/wp\/v2\/pages\/26845\/revisions\/26846"}],"up":[{"embeddable":true,"href":"https:\/\/thebluemanakin.com\/pt-br\/wp-json\/wp\/v2\/pages\/24678"}],"wp:attachment":[{"href":"https:\/\/thebluemanakin.com\/pt-br\/wp-json\/wp\/v2\/media?parent=26845"}],"curies":[{"name":"wp","href":"https:\/\/api.w.org\/{rel}","templated":true}]}}