{"id":19331,"date":"2021-07-30T21:32:40","date_gmt":"2021-07-30T21:32:40","guid":{"rendered":"https:\/\/thebluemanakin.com\/agencia-digital\/midia-social-gerenciamento-de-comunidade\/"},"modified":"2022-07-22T05:54:57","modified_gmt":"2022-07-22T05:54:57","slug":"midia-social-gerenciamento-de-comunidade","status":"publish","type":"page","link":"https:\/\/thebluemanakin.com\/pt-br\/agencia-digital\/midia-social-gerenciamento-de-comunidade\/","title":{"rendered":"M\u00eddia Social &#038; Gerenciamento de Comunidade"},"content":{"rendered":"\t\t<div data-elementor-type=\"wp-page\" data-elementor-id=\"19331\" class=\"elementor elementor-19331 elementor-2963\">\n\t\t\t\t\t\t<section class=\"elementor-section elementor-top-section elementor-element elementor-element-106c4af3 elementor-section-full_width elementor-section-stretched elementor-section-height-default elementor-section-height-default wpr-particle-no wpr-jarallax-no wpr-parallax-no wpr-sticky-section-no wpr-column-slider-no wpr-equal-height-no\" data-id=\"106c4af3\" data-element_type=\"section\" data-settings=\"{&quot;stretch_section&quot;:&quot;section-stretched&quot;,&quot;background_background&quot;:&quot;classic&quot;}\">\n\t\t\t\t\t\t<div class=\"elementor-container elementor-column-gap-extended\">\n\t\t\t\t\t<div class=\"elementor-column elementor-col-100 elementor-top-column elementor-element elementor-element-4917be43\" data-id=\"4917be43\" data-element_type=\"column\">\n\t\t\t<div class=\"elementor-widget-wrap elementor-element-populated\">\n\t\t\t\t\t\t<section class=\"elementor-section elementor-inner-section elementor-element elementor-element-5080b1bd elementor-section-height-min-height elementor-section-content-middle elementor-section-boxed elementor-section-height-default wpr-particle-no wpr-jarallax-no wpr-parallax-no wpr-sticky-section-no wpr-column-slider-no wpr-equal-height-no\" data-id=\"5080b1bd\" data-element_type=\"section\">\n\t\t\t\t\t\t<div class=\"elementor-container elementor-column-gap-default\">\n\t\t\t\t\t<div class=\"elementor-column elementor-col-100 elementor-inner-column elementor-element elementor-element-2531c47b\" data-id=\"2531c47b\" data-element_type=\"column\">\n\t\t\t<div class=\"elementor-widget-wrap elementor-element-populated\">\n\t\t\t\t\t\t<div class=\"elementor-element elementor-element-4d8b0f96 elementor-widget elementor-widget-heading\" data-id=\"4d8b0f96\" data-element_type=\"widget\" data-widget_type=\"heading.default\">\n\t\t\t\t<div class=\"elementor-widget-container\">\n\t\t\t\t\t<h1 class=\"elementor-heading-title elementor-size-default\">M\u00eddia Social &amp; Gerenciamento de Comunidade<\/h1>\t\t\t\t<\/div>\n\t\t\t\t<\/div>\n\t\t\t\t\t<\/div>\n\t\t<\/div>\n\t\t\t\t\t<\/div>\n\t\t<\/section>\n\t\t\t\t\t<\/div>\n\t\t<\/div>\n\t\t\t\t\t<\/div>\n\t\t<\/section>\n\t\t\t\t<section class=\"elementor-section elementor-top-section elementor-element elementor-element-54dc1e49 elementor-section-full_width elementor-section-height-min-height elementor-section-stretched elementor-section-height-default elementor-section-items-middle wpr-particle-no wpr-jarallax-no wpr-parallax-no wpr-sticky-section-no wpr-column-slider-no wpr-equal-height-no\" data-id=\"54dc1e49\" data-element_type=\"section\" data-settings=\"{&quot;stretch_section&quot;:&quot;section-stretched&quot;,&quot;background_background&quot;:&quot;classic&quot;}\">\n\t\t\t\t\t\t<div class=\"elementor-container elementor-column-gap-default\">\n\t\t\t\t\t<div class=\"elementor-column elementor-col-100 elementor-top-column elementor-element elementor-element-64a83949\" data-id=\"64a83949\" data-element_type=\"column\">\n\t\t\t<div class=\"elementor-widget-wrap elementor-element-populated\">\n\t\t\t\t\t\t<section class=\"elementor-section elementor-inner-section elementor-element elementor-element-6a6b5c71 elementor-section-boxed elementor-section-height-default elementor-section-height-default wpr-particle-no wpr-jarallax-no wpr-parallax-no wpr-sticky-section-no wpr-column-slider-no wpr-equal-height-no\" data-id=\"6a6b5c71\" data-element_type=\"section\">\n\t\t\t\t\t\t<div class=\"elementor-container elementor-column-gap-default\">\n\t\t\t\t\t<div class=\"elementor-column elementor-col-50 elementor-inner-column elementor-element elementor-element-6fde355e\" data-id=\"6fde355e\" data-element_type=\"column\">\n\t\t\t<div class=\"elementor-widget-wrap elementor-element-populated\">\n\t\t\t\t\t\t<div class=\"elementor-element elementor-element-4f7aa219 elementor-widget elementor-widget-image\" data-id=\"4f7aa219\" data-element_type=\"widget\" data-widget_type=\"image.default\">\n\t\t\t\t<div class=\"elementor-widget-container\">\n\t\t\t\t\t\t\t\t\t\t\t\t\t\t\t<img fetchpriority=\"high\" decoding=\"async\" width=\"525\" height=\"516\" src=\"https:\/\/thebluemanakin.com\/wp-content\/uploads\/2021\/08\/ig-post-frame-1.png\" class=\"attachment-large size-large wp-image-16061\" alt=\"\" srcset=\"https:\/\/thebluemanakin.com\/wp-content\/uploads\/2021\/08\/ig-post-frame-1.png 562w, https:\/\/thebluemanakin.com\/wp-content\/uploads\/2021\/08\/ig-post-frame-1-300x295.png 300w, https:\/\/thebluemanakin.com\/wp-content\/uploads\/2021\/08\/ig-post-frame-1-12x12.png 12w, https:\/\/thebluemanakin.com\/wp-content\/uploads\/2021\/08\/ig-post-frame-1-60x60.png 60w, https:\/\/thebluemanakin.com\/wp-content\/uploads\/2021\/08\/ig-post-frame-1-85x85.png 85w, https:\/\/thebluemanakin.com\/wp-content\/uploads\/2021\/08\/ig-post-frame-1-50x50.png 50w\" sizes=\"(max-width: 525px) 100vw, 525px\" \/>\t\t\t\t\t\t\t\t\t\t\t\t\t\t\t<\/div>\n\t\t\t\t<\/div>\n\t\t\t\t\t<\/div>\n\t\t<\/div>\n\t\t\t\t<div class=\"elementor-column elementor-col-50 elementor-inner-column elementor-element elementor-element-71aebfc5\" data-id=\"71aebfc5\" data-element_type=\"column\">\n\t\t\t<div class=\"elementor-widget-wrap elementor-element-populated\">\n\t\t\t\t\t\t<div class=\"elementor-element elementor-element-34f6801b elementor-widget elementor-widget-heading\" data-id=\"34f6801b\" data-element_type=\"widget\" data-widget_type=\"heading.default\">\n\t\t\t\t<div class=\"elementor-widget-container\">\n\t\t\t\t\t<h2 class=\"elementor-heading-title elementor-size-default\">Estrat\u00e9gia de Comunica\u00e7\u00e3o para M\u00eddia Social<\/h2>\t\t\t\t<\/div>\n\t\t\t\t<\/div>\n\t\t\t\t<div class=\"elementor-element elementor-element-4cdc0770 elementor-widget elementor-widget-text-editor\" data-id=\"4cdc0770\" data-element_type=\"widget\" data-widget_type=\"text-editor.default\">\n\t\t\t\t<div class=\"elementor-widget-container\">\n\t\t\t\t\t\t\t\t\t<span data-sheets-value=\"{&quot;1&quot;:2,&quot;2&quot;:&quot;Nossa estrat\u00e9gia de m\u00eddia social e servi\u00e7o de gest\u00e3o de comunidades se adapta \u00e0s necessidades de cada cliente. Cuidamos do seu projeto seguindo estes passos:\\n\\nEstudamos a marca, seus valores e hist\u00f3ria, seus concorrentes e sua atual presen\u00e7a social\\nAnalisamos o target e selecionamos as redes sociais de acordo com o estilo e as necessidades da marca\\nVamos definir o tom de voz\\nSelecionamos os temas que ser\u00e3o abordados nos diferentes canais\\nPropomos um plano editorial que reflita as expectativas e necessidades da marca\\nProduzimos os conte\u00fados e definimos o calend\u00e1rio editorial com o cliente&quot;}\" data-sheets-userformat=\"{&quot;2&quot;:7043,&quot;3&quot;:{&quot;1&quot;:0},&quot;4&quot;:{&quot;1&quot;:2,&quot;2&quot;:16777215},&quot;10&quot;:0,&quot;11&quot;:4,&quot;12&quot;:0,&quot;14&quot;:{&quot;1&quot;:2,&quot;2&quot;:0},&quot;15&quot;:&quot;Helvetica&quot;}\">Nossa estrat\u00e9gia de m\u00eddia social e servi\u00e7o de gest\u00e3o de comunidades se adapta \u00e0s necessidades de cada cliente. Cuidamos do seu projeto seguindo estes passos:<\/span>\r\n<ul>\r\n \t<li><span data-sheets-value=\"{&quot;1&quot;:2,&quot;2&quot;:&quot;Nossa estrat\u00e9gia de m\u00eddia social e servi\u00e7o de gest\u00e3o de comunidades se adapta \u00e0s necessidades de cada cliente. Cuidamos do seu projeto seguindo estes passos:\\n\\nEstudamos a marca, seus valores e hist\u00f3ria, seus concorrentes e sua atual presen\u00e7a social\\nAnalisamos o target e selecionamos as redes sociais de acordo com o estilo e as necessidades da marca\\nVamos definir o tom de voz\\nSelecionamos os temas que ser\u00e3o abordados nos diferentes canais\\nPropomos um plano editorial que reflita as expectativas e necessidades da marca\\nProduzimos os conte\u00fados e definimos o calend\u00e1rio editorial com o cliente&quot;}\" data-sheets-userformat=\"{&quot;2&quot;:7043,&quot;3&quot;:{&quot;1&quot;:0},&quot;4&quot;:{&quot;1&quot;:2,&quot;2&quot;:16777215},&quot;10&quot;:0,&quot;11&quot;:4,&quot;12&quot;:0,&quot;14&quot;:{&quot;1&quot;:2,&quot;2&quot;:0},&quot;15&quot;:&quot;Helvetica&quot;}\">Estudamos a marca, seus valores e hist\u00f3ria, seus concorrentes e sua atual presen\u00e7a social<\/span><\/li>\r\n \t<li><span data-sheets-value=\"{&quot;1&quot;:2,&quot;2&quot;:&quot;Nossa estrat\u00e9gia de m\u00eddia social e servi\u00e7o de gest\u00e3o de comunidades se adapta \u00e0s necessidades de cada cliente. Cuidamos do seu projeto seguindo estes passos:\\n\\nEstudamos a marca, seus valores e hist\u00f3ria, seus concorrentes e sua atual presen\u00e7a social\\nAnalisamos o target e selecionamos as redes sociais de acordo com o estilo e as necessidades da marca\\nVamos definir o tom de voz\\nSelecionamos os temas que ser\u00e3o abordados nos diferentes canais\\nPropomos um plano editorial que reflita as expectativas e necessidades da marca\\nProduzimos os conte\u00fados e definimos o calend\u00e1rio editorial com o cliente&quot;}\" data-sheets-userformat=\"{&quot;2&quot;:7043,&quot;3&quot;:{&quot;1&quot;:0},&quot;4&quot;:{&quot;1&quot;:2,&quot;2&quot;:16777215},&quot;10&quot;:0,&quot;11&quot;:4,&quot;12&quot;:0,&quot;14&quot;:{&quot;1&quot;:2,&quot;2&quot;:0},&quot;15&quot;:&quot;Helvetica&quot;}\">Analisamos o target e selecionamos as redes sociais de acordo com o estilo e as necessidades da marca<\/span><\/li>\r\n \t<li><span data-sheets-value=\"{&quot;1&quot;:2,&quot;2&quot;:&quot;Nossa estrat\u00e9gia de m\u00eddia social e servi\u00e7o de gest\u00e3o de comunidades se adapta \u00e0s necessidades de cada cliente. Cuidamos do seu projeto seguindo estes passos:\\n\\nEstudamos a marca, seus valores e hist\u00f3ria, seus concorrentes e sua atual presen\u00e7a social\\nAnalisamos o target e selecionamos as redes sociais de acordo com o estilo e as necessidades da marca\\nVamos definir o tom de voz\\nSelecionamos os temas que ser\u00e3o abordados nos diferentes canais\\nPropomos um plano editorial que reflita as expectativas e necessidades da marca\\nProduzimos os conte\u00fados e definimos o calend\u00e1rio editorial com o cliente&quot;}\" data-sheets-userformat=\"{&quot;2&quot;:7043,&quot;3&quot;:{&quot;1&quot;:0},&quot;4&quot;:{&quot;1&quot;:2,&quot;2&quot;:16777215},&quot;10&quot;:0,&quot;11&quot;:4,&quot;12&quot;:0,&quot;14&quot;:{&quot;1&quot;:2,&quot;2&quot;:0},&quot;15&quot;:&quot;Helvetica&quot;}\">Vamos definir o tom de voz\r\nSelecionamos os temas que ser\u00e3o abordados nos diferentes canais<\/span><\/li>\r\n \t<li><span data-sheets-value=\"{&quot;1&quot;:2,&quot;2&quot;:&quot;Nossa estrat\u00e9gia de m\u00eddia social e servi\u00e7o de gest\u00e3o de comunidades se adapta \u00e0s necessidades de cada cliente. Cuidamos do seu projeto seguindo estes passos:\\n\\nEstudamos a marca, seus valores e hist\u00f3ria, seus concorrentes e sua atual presen\u00e7a social\\nAnalisamos o target e selecionamos as redes sociais de acordo com o estilo e as necessidades da marca\\nVamos definir o tom de voz\\nSelecionamos os temas que ser\u00e3o abordados nos diferentes canais\\nPropomos um plano editorial que reflita as expectativas e necessidades da marca\\nProduzimos os conte\u00fados e definimos o calend\u00e1rio editorial com o cliente&quot;}\" data-sheets-userformat=\"{&quot;2&quot;:7043,&quot;3&quot;:{&quot;1&quot;:0},&quot;4&quot;:{&quot;1&quot;:2,&quot;2&quot;:16777215},&quot;10&quot;:0,&quot;11&quot;:4,&quot;12&quot;:0,&quot;14&quot;:{&quot;1&quot;:2,&quot;2&quot;:0},&quot;15&quot;:&quot;Helvetica&quot;}\">Propomos um plano editorial que reflita as expectativas e necessidades da marca<\/span><\/li>\r\n \t<li><span data-sheets-value=\"{&quot;1&quot;:2,&quot;2&quot;:&quot;Nossa estrat\u00e9gia de m\u00eddia social e servi\u00e7o de gest\u00e3o de comunidades se adapta \u00e0s necessidades de cada cliente. Cuidamos do seu projeto seguindo estes passos:\\n\\nEstudamos a marca, seus valores e hist\u00f3ria, seus concorrentes e sua atual presen\u00e7a social\\nAnalisamos o target e selecionamos as redes sociais de acordo com o estilo e as necessidades da marca\\nVamos definir o tom de voz\\nSelecionamos os temas que ser\u00e3o abordados nos diferentes canais\\nPropomos um plano editorial que reflita as expectativas e necessidades da marca\\nProduzimos os conte\u00fados e definimos o calend\u00e1rio editorial com o cliente&quot;}\" data-sheets-userformat=\"{&quot;2&quot;:7043,&quot;3&quot;:{&quot;1&quot;:0},&quot;4&quot;:{&quot;1&quot;:2,&quot;2&quot;:16777215},&quot;10&quot;:0,&quot;11&quot;:4,&quot;12&quot;:0,&quot;14&quot;:{&quot;1&quot;:2,&quot;2&quot;:0},&quot;15&quot;:&quot;Helvetica&quot;}\">Produzimos os conte\u00fados e definimos o calend\u00e1rio editorial com o cliente<\/span><\/li>\r\n<\/ul>\t\t\t\t\t\t\t\t<\/div>\n\t\t\t\t<\/div>\n\t\t\t\t<div class=\"elementor-element elementor-element-49fc6767 elementor-widget elementor-widget-button\" data-id=\"49fc6767\" data-element_type=\"widget\" data-widget_type=\"button.default\">\n\t\t\t\t<div class=\"elementor-widget-container\">\n\t\t\t\t\t\t\t\t\t<div class=\"elementor-button-wrapper\">\n\t\t\t\t\t<a class=\"elementor-button elementor-button-link elementor-size-sm\" href=\"#\" data-toggle=\"modal\" data-target=\"#getstarted\">\n\t\t\t\t\t\t<span class=\"elementor-button-content-wrapper\">\n\t\t\t\t\t\t\t\t\t<span class=\"elementor-button-text\">Fale conosco<\/span>\n\t\t\t\t\t<\/span>\n\t\t\t\t\t<\/a>\n\t\t\t\t<\/div>\n\t\t\t\t\t\t\t\t<\/div>\n\t\t\t\t<\/div>\n\t\t\t\t\t<\/div>\n\t\t<\/div>\n\t\t\t\t\t<\/div>\n\t\t<\/section>\n\t\t\t\t\t<\/div>\n\t\t<\/div>\n\t\t\t\t\t<\/div>\n\t\t<\/section>\n\t\t\t\t<section class=\"elementor-section elementor-top-section elementor-element elementor-element-45339b7a elementor-section-full_width elementor-section-height-min-height elementor-section-stretched elementor-section-height-default elementor-section-items-middle wpr-particle-no wpr-jarallax-no wpr-parallax-no wpr-sticky-section-no wpr-column-slider-no wpr-equal-height-no\" data-id=\"45339b7a\" data-element_type=\"section\" data-settings=\"{&quot;stretch_section&quot;:&quot;section-stretched&quot;,&quot;background_background&quot;:&quot;classic&quot;}\">\n\t\t\t\t\t\t<div class=\"elementor-container elementor-column-gap-default\">\n\t\t\t\t\t<div class=\"elementor-column elementor-col-100 elementor-top-column elementor-element elementor-element-596ed3eb\" data-id=\"596ed3eb\" data-element_type=\"column\">\n\t\t\t<div class=\"elementor-widget-wrap elementor-element-populated\">\n\t\t\t\t\t\t<section class=\"elementor-section elementor-inner-section elementor-element elementor-element-2fe699a2 elementor-section-boxed elementor-section-height-default elementor-section-height-default wpr-particle-no wpr-jarallax-no wpr-parallax-no wpr-sticky-section-no wpr-column-slider-no wpr-equal-height-no\" data-id=\"2fe699a2\" data-element_type=\"section\">\n\t\t\t\t\t\t<div class=\"elementor-container elementor-column-gap-default\">\n\t\t\t\t\t<div class=\"elementor-column elementor-col-50 elementor-inner-column elementor-element elementor-element-5a920ecc\" data-id=\"5a920ecc\" data-element_type=\"column\">\n\t\t\t<div class=\"elementor-widget-wrap elementor-element-populated\">\n\t\t\t\t\t\t<div class=\"elementor-element elementor-element-7301af76 elementor-widget elementor-widget-heading\" data-id=\"7301af76\" data-element_type=\"widget\" data-widget_type=\"heading.default\">\n\t\t\t\t<div class=\"elementor-widget-container\">\n\t\t\t\t\t<h2 class=\"elementor-heading-title elementor-size-default\">Gerentes de Comunidades<\/h2>\t\t\t\t<\/div>\n\t\t\t\t<\/div>\n\t\t\t\t<div class=\"elementor-element elementor-element-6ecd3fd4 elementor-widget elementor-widget-text-editor\" data-id=\"6ecd3fd4\" data-element_type=\"widget\" data-widget_type=\"text-editor.default\">\n\t\t\t\t<div class=\"elementor-widget-container\">\n\t\t\t\t\t\t\t\t\t<span data-sheets-value=\"{&quot;1&quot;:2,&quot;2&quot;:&quot;Os gerentes de comunidade s\u00e3o essenciais hoje para gerenciar a comunica\u00e7\u00e3o com os usu\u00e1rios de diferentes canais sociais. Um gerente de comunidade experiente pode melhorar exponencialmente o engajamento, a conscientiza\u00e7\u00e3o e a reten\u00e7\u00e3o de seguidores\/clientes.\\n\\nAlguns dos pontos-chave do nosso servi\u00e7o de gest\u00e3o comunit\u00e1ria s\u00e3o:\\n\\nDi\u00e1logos tem\u00e1ticos, dedicados \u00e0 marca, produto ou servi\u00e7o.\\nMensagens impactantes, alinhadas com os objetivos. Cada mensagem tem um efeito, aproveitamos todas as oportunidades.\\nTom de voz definido, para manter a comunica\u00e7\u00e3o reconhec\u00edvel e adequada ao estilo da marca.\\nQualidade do conte\u00fado. \u00c9 melhor n\u00e3o publicar do que publicar conte\u00fado que diminua a percep\u00e7\u00e3o da qualidade est\u00e9tica e\/ou tem\u00e1tica do perfil.\\nRespostas r\u00e1pidas. Para gerenciar quaisquer quest\u00f5es cr\u00edticas e aumentar a rela\u00e7\u00e3o de confian\u00e7a entre usu\u00e1rios e marcas.&quot;}\" data-sheets-userformat=\"{&quot;2&quot;:7043,&quot;3&quot;:{&quot;1&quot;:0},&quot;4&quot;:{&quot;1&quot;:2,&quot;2&quot;:16777215},&quot;10&quot;:0,&quot;11&quot;:4,&quot;12&quot;:0,&quot;14&quot;:{&quot;1&quot;:2,&quot;2&quot;:0},&quot;15&quot;:&quot;Helvetica&quot;}\">Os gerentes de comunidade s\u00e3o essenciais hoje para gerenciar a comunica\u00e7\u00e3o com os usu\u00e1rios de diferentes canais sociais. Um gerente de comunidade experiente pode melhorar exponencialmente o engajamento, a conscientiza\u00e7\u00e3o e a reten\u00e7\u00e3o de seguidores\/clientes.\r\n\r\nAlguns dos pontos-chave do nosso servi\u00e7o de gest\u00e3o comunit\u00e1ria s\u00e3o:<\/span>\r\n<ul>\r\n \t<li><span data-sheets-value=\"{&quot;1&quot;:2,&quot;2&quot;:&quot;Os gerentes de comunidade s\u00e3o essenciais hoje para gerenciar a comunica\u00e7\u00e3o com os usu\u00e1rios de diferentes canais sociais. Um gerente de comunidade experiente pode melhorar exponencialmente o engajamento, a conscientiza\u00e7\u00e3o e a reten\u00e7\u00e3o de seguidores\/clientes.\\n\\nAlguns dos pontos-chave do nosso servi\u00e7o de gest\u00e3o comunit\u00e1ria s\u00e3o:\\n\\nDi\u00e1logos tem\u00e1ticos, dedicados \u00e0 marca, produto ou servi\u00e7o.\\nMensagens impactantes, alinhadas com os objetivos. Cada mensagem tem um efeito, aproveitamos todas as oportunidades.\\nTom de voz definido, para manter a comunica\u00e7\u00e3o reconhec\u00edvel e adequada ao estilo da marca.\\nQualidade do conte\u00fado. \u00c9 melhor n\u00e3o publicar do que publicar conte\u00fado que diminua a percep\u00e7\u00e3o da qualidade est\u00e9tica e\/ou tem\u00e1tica do perfil.\\nRespostas r\u00e1pidas. Para gerenciar quaisquer quest\u00f5es cr\u00edticas e aumentar a rela\u00e7\u00e3o de confian\u00e7a entre usu\u00e1rios e marcas.&quot;}\" data-sheets-userformat=\"{&quot;2&quot;:7043,&quot;3&quot;:{&quot;1&quot;:0},&quot;4&quot;:{&quot;1&quot;:2,&quot;2&quot;:16777215},&quot;10&quot;:0,&quot;11&quot;:4,&quot;12&quot;:0,&quot;14&quot;:{&quot;1&quot;:2,&quot;2&quot;:0},&quot;15&quot;:&quot;Helvetica&quot;}\">Di\u00e1logos tem\u00e1ticos, dedicados \u00e0 marca, produto ou servi\u00e7o.<\/span><\/li>\r\n \t<li><span data-sheets-value=\"{&quot;1&quot;:2,&quot;2&quot;:&quot;Os gerentes de comunidade s\u00e3o essenciais hoje para gerenciar a comunica\u00e7\u00e3o com os usu\u00e1rios de diferentes canais sociais. Um gerente de comunidade experiente pode melhorar exponencialmente o engajamento, a conscientiza\u00e7\u00e3o e a reten\u00e7\u00e3o de seguidores\/clientes.\\n\\nAlguns dos pontos-chave do nosso servi\u00e7o de gest\u00e3o comunit\u00e1ria s\u00e3o:\\n\\nDi\u00e1logos tem\u00e1ticos, dedicados \u00e0 marca, produto ou servi\u00e7o.\\nMensagens impactantes, alinhadas com os objetivos. Cada mensagem tem um efeito, aproveitamos todas as oportunidades.\\nTom de voz definido, para manter a comunica\u00e7\u00e3o reconhec\u00edvel e adequada ao estilo da marca.\\nQualidade do conte\u00fado. \u00c9 melhor n\u00e3o publicar do que publicar conte\u00fado que diminua a percep\u00e7\u00e3o da qualidade est\u00e9tica e\/ou tem\u00e1tica do perfil.\\nRespostas r\u00e1pidas. Para gerenciar quaisquer quest\u00f5es cr\u00edticas e aumentar a rela\u00e7\u00e3o de confian\u00e7a entre usu\u00e1rios e marcas.&quot;}\" data-sheets-userformat=\"{&quot;2&quot;:7043,&quot;3&quot;:{&quot;1&quot;:0},&quot;4&quot;:{&quot;1&quot;:2,&quot;2&quot;:16777215},&quot;10&quot;:0,&quot;11&quot;:4,&quot;12&quot;:0,&quot;14&quot;:{&quot;1&quot;:2,&quot;2&quot;:0},&quot;15&quot;:&quot;Helvetica&quot;}\">Mensagens impactantes, alinhadas com os objetivos. Cada mensagem tem um efeito, aproveitamos todas as oportunidades.<\/span><\/li>\r\n \t<li><span data-sheets-value=\"{&quot;1&quot;:2,&quot;2&quot;:&quot;Os gerentes de comunidade s\u00e3o essenciais hoje para gerenciar a comunica\u00e7\u00e3o com os usu\u00e1rios de diferentes canais sociais. Um gerente de comunidade experiente pode melhorar exponencialmente o engajamento, a conscientiza\u00e7\u00e3o e a reten\u00e7\u00e3o de seguidores\/clientes.\\n\\nAlguns dos pontos-chave do nosso servi\u00e7o de gest\u00e3o comunit\u00e1ria s\u00e3o:\\n\\nDi\u00e1logos tem\u00e1ticos, dedicados \u00e0 marca, produto ou servi\u00e7o.\\nMensagens impactantes, alinhadas com os objetivos. Cada mensagem tem um efeito, aproveitamos todas as oportunidades.\\nTom de voz definido, para manter a comunica\u00e7\u00e3o reconhec\u00edvel e adequada ao estilo da marca.\\nQualidade do conte\u00fado. \u00c9 melhor n\u00e3o publicar do que publicar conte\u00fado que diminua a percep\u00e7\u00e3o da qualidade est\u00e9tica e\/ou tem\u00e1tica do perfil.\\nRespostas r\u00e1pidas. Para gerenciar quaisquer quest\u00f5es cr\u00edticas e aumentar a rela\u00e7\u00e3o de confian\u00e7a entre usu\u00e1rios e marcas.&quot;}\" data-sheets-userformat=\"{&quot;2&quot;:7043,&quot;3&quot;:{&quot;1&quot;:0},&quot;4&quot;:{&quot;1&quot;:2,&quot;2&quot;:16777215},&quot;10&quot;:0,&quot;11&quot;:4,&quot;12&quot;:0,&quot;14&quot;:{&quot;1&quot;:2,&quot;2&quot;:0},&quot;15&quot;:&quot;Helvetica&quot;}\">Tom de voz definido, para manter a comunica\u00e7\u00e3o reconhec\u00edvel e adequada ao estilo da marca.<\/span><\/li>\r\n \t<li><span data-sheets-value=\"{&quot;1&quot;:2,&quot;2&quot;:&quot;Os gerentes de comunidade s\u00e3o essenciais hoje para gerenciar a comunica\u00e7\u00e3o com os usu\u00e1rios de diferentes canais sociais. Um gerente de comunidade experiente pode melhorar exponencialmente o engajamento, a conscientiza\u00e7\u00e3o e a reten\u00e7\u00e3o de seguidores\/clientes.\\n\\nAlguns dos pontos-chave do nosso servi\u00e7o de gest\u00e3o comunit\u00e1ria s\u00e3o:\\n\\nDi\u00e1logos tem\u00e1ticos, dedicados \u00e0 marca, produto ou servi\u00e7o.\\nMensagens impactantes, alinhadas com os objetivos. Cada mensagem tem um efeito, aproveitamos todas as oportunidades.\\nTom de voz definido, para manter a comunica\u00e7\u00e3o reconhec\u00edvel e adequada ao estilo da marca.\\nQualidade do conte\u00fado. \u00c9 melhor n\u00e3o publicar do que publicar conte\u00fado que diminua a percep\u00e7\u00e3o da qualidade est\u00e9tica e\/ou tem\u00e1tica do perfil.\\nRespostas r\u00e1pidas. Para gerenciar quaisquer quest\u00f5es cr\u00edticas e aumentar a rela\u00e7\u00e3o de confian\u00e7a entre usu\u00e1rios e marcas.&quot;}\" data-sheets-userformat=\"{&quot;2&quot;:7043,&quot;3&quot;:{&quot;1&quot;:0},&quot;4&quot;:{&quot;1&quot;:2,&quot;2&quot;:16777215},&quot;10&quot;:0,&quot;11&quot;:4,&quot;12&quot;:0,&quot;14&quot;:{&quot;1&quot;:2,&quot;2&quot;:0},&quot;15&quot;:&quot;Helvetica&quot;}\">Qualidade do conte\u00fado. \u00c9 melhor n\u00e3o publicar do que publicar conte\u00fado que diminua a percep\u00e7\u00e3o da qualidade est\u00e9tica e\/ou tem\u00e1tica do perfil.<\/span><\/li>\r\n \t<li><span data-sheets-value=\"{&quot;1&quot;:2,&quot;2&quot;:&quot;Os gerentes de comunidade s\u00e3o essenciais hoje para gerenciar a comunica\u00e7\u00e3o com os usu\u00e1rios de diferentes canais sociais. Um gerente de comunidade experiente pode melhorar exponencialmente o engajamento, a conscientiza\u00e7\u00e3o e a reten\u00e7\u00e3o de seguidores\/clientes.\\n\\nAlguns dos pontos-chave do nosso servi\u00e7o de gest\u00e3o comunit\u00e1ria s\u00e3o:\\n\\nDi\u00e1logos tem\u00e1ticos, dedicados \u00e0 marca, produto ou servi\u00e7o.\\nMensagens impactantes, alinhadas com os objetivos. Cada mensagem tem um efeito, aproveitamos todas as oportunidades.\\nTom de voz definido, para manter a comunica\u00e7\u00e3o reconhec\u00edvel e adequada ao estilo da marca.\\nQualidade do conte\u00fado. \u00c9 melhor n\u00e3o publicar do que publicar conte\u00fado que diminua a percep\u00e7\u00e3o da qualidade est\u00e9tica e\/ou tem\u00e1tica do perfil.\\nRespostas r\u00e1pidas. Para gerenciar quaisquer quest\u00f5es cr\u00edticas e aumentar a rela\u00e7\u00e3o de confian\u00e7a entre usu\u00e1rios e marcas.&quot;}\" data-sheets-userformat=\"{&quot;2&quot;:7043,&quot;3&quot;:{&quot;1&quot;:0},&quot;4&quot;:{&quot;1&quot;:2,&quot;2&quot;:16777215},&quot;10&quot;:0,&quot;11&quot;:4,&quot;12&quot;:0,&quot;14&quot;:{&quot;1&quot;:2,&quot;2&quot;:0},&quot;15&quot;:&quot;Helvetica&quot;}\">Respostas r\u00e1pidas. Para gerenciar quaisquer quest\u00f5es cr\u00edticas e aumentar a rela\u00e7\u00e3o de confian\u00e7a entre usu\u00e1rios e marcas.<\/span><\/li>\r\n<\/ul>\t\t\t\t\t\t\t\t<\/div>\n\t\t\t\t<\/div>\n\t\t\t\t\t<\/div>\n\t\t<\/div>\n\t\t\t\t<div class=\"elementor-column elementor-col-50 elementor-inner-column elementor-element elementor-element-3e89bc7f\" data-id=\"3e89bc7f\" data-element_type=\"column\">\n\t\t\t<div class=\"elementor-widget-wrap elementor-element-populated\">\n\t\t\t\t\t\t<div class=\"elementor-element elementor-element-688d0b28 elementor-widget elementor-widget-image\" data-id=\"688d0b28\" data-element_type=\"widget\" data-widget_type=\"image.default\">\n\t\t\t\t<div class=\"elementor-widget-container\">\n\t\t\t\t\t\t\t\t\t\t\t\t\t\t\t<img decoding=\"async\" width=\"525\" height=\"505\" src=\"https:\/\/thebluemanakin.com\/wp-content\/uploads\/2021\/08\/redes-sociales-2png-1.png\" class=\"attachment-large size-large wp-image-16073\" alt=\"\" srcset=\"https:\/\/thebluemanakin.com\/wp-content\/uploads\/2021\/08\/redes-sociales-2png-1.png 555w, https:\/\/thebluemanakin.com\/wp-content\/uploads\/2021\/08\/redes-sociales-2png-1-300x289.png 300w, https:\/\/thebluemanakin.com\/wp-content\/uploads\/2021\/08\/redes-sociales-2png-1-12x12.png 12w\" sizes=\"(max-width: 525px) 100vw, 525px\" \/>\t\t\t\t\t\t\t\t\t\t\t\t\t\t\t<\/div>\n\t\t\t\t<\/div>\n\t\t\t\t\t<\/div>\n\t\t<\/div>\n\t\t\t\t\t<\/div>\n\t\t<\/section>\n\t\t\t\t\t<\/div>\n\t\t<\/div>\n\t\t\t\t\t<\/div>\n\t\t<\/section>\n\t\t\t\t<section class=\"elementor-section elementor-top-section elementor-element elementor-element-4c73213e elementor-section-full_width elementor-section-height-min-height elementor-section-stretched elementor-section-height-default elementor-section-items-middle wpr-particle-no wpr-jarallax-no wpr-parallax-no wpr-sticky-section-no wpr-column-slider-no wpr-equal-height-no\" data-id=\"4c73213e\" data-element_type=\"section\" data-settings=\"{&quot;stretch_section&quot;:&quot;section-stretched&quot;,&quot;background_background&quot;:&quot;classic&quot;}\">\n\t\t\t\t\t\t<div class=\"elementor-container elementor-column-gap-default\">\n\t\t\t\t\t<div class=\"elementor-column elementor-col-100 elementor-top-column elementor-element elementor-element-6e3a3244\" data-id=\"6e3a3244\" data-element_type=\"column\">\n\t\t\t<div class=\"elementor-widget-wrap elementor-element-populated\">\n\t\t\t\t\t\t<section class=\"elementor-section elementor-inner-section elementor-element elementor-element-37d2ff9b elementor-section-boxed elementor-section-height-default elementor-section-height-default wpr-particle-no wpr-jarallax-no wpr-parallax-no wpr-sticky-section-no wpr-column-slider-no wpr-equal-height-no\" data-id=\"37d2ff9b\" data-element_type=\"section\">\n\t\t\t\t\t\t<div class=\"elementor-container elementor-column-gap-default\">\n\t\t\t\t\t<div class=\"elementor-column elementor-col-50 elementor-inner-column elementor-element elementor-element-5d22c69a\" data-id=\"5d22c69a\" data-element_type=\"column\">\n\t\t\t<div class=\"elementor-widget-wrap elementor-element-populated\">\n\t\t\t\t\t\t<div class=\"elementor-element elementor-element-79ed4cf4 elementor-widget elementor-widget-image\" data-id=\"79ed4cf4\" data-element_type=\"widget\" data-widget_type=\"image.default\">\n\t\t\t\t<div class=\"elementor-widget-container\">\n\t\t\t\t\t\t\t\t\t\t\t\t\t\t\t<img decoding=\"async\" width=\"525\" height=\"504\" src=\"https:\/\/thebluemanakin.com\/wp-content\/uploads\/2021\/08\/redes-sociales-1-2.png\" class=\"attachment-large size-large wp-image-16074\" alt=\"\" srcset=\"https:\/\/thebluemanakin.com\/wp-content\/uploads\/2021\/08\/redes-sociales-1-2.png 553w, https:\/\/thebluemanakin.com\/wp-content\/uploads\/2021\/08\/redes-sociales-1-2-300x288.png 300w, https:\/\/thebluemanakin.com\/wp-content\/uploads\/2021\/08\/redes-sociales-1-2-12x12.png 12w\" sizes=\"(max-width: 525px) 100vw, 525px\" \/>\t\t\t\t\t\t\t\t\t\t\t\t\t\t\t<\/div>\n\t\t\t\t<\/div>\n\t\t\t\t\t<\/div>\n\t\t<\/div>\n\t\t\t\t<div class=\"elementor-column elementor-col-50 elementor-inner-column elementor-element elementor-element-a84aeeb\" data-id=\"a84aeeb\" data-element_type=\"column\">\n\t\t\t<div class=\"elementor-widget-wrap elementor-element-populated\">\n\t\t\t\t\t\t<div class=\"elementor-element elementor-element-18d437de elementor-widget elementor-widget-heading\" data-id=\"18d437de\" data-element_type=\"widget\" data-widget_type=\"heading.default\">\n\t\t\t\t<div class=\"elementor-widget-container\">\n\t\t\t\t\t<h2 class=\"elementor-heading-title elementor-size-default\">Di\u00e1logos Tem\u00e1ticos<\/h2>\t\t\t\t<\/div>\n\t\t\t\t<\/div>\n\t\t\t\t<div class=\"elementor-element elementor-element-3c1b0fa5 elementor-widget elementor-widget-text-editor\" data-id=\"3c1b0fa5\" data-element_type=\"widget\" data-widget_type=\"text-editor.default\">\n\t\t\t\t<div class=\"elementor-widget-container\">\n\t\t\t\t\t\t\t\t\t<span data-sheets-value=\"{&quot;1&quot;:2,&quot;2&quot;:&quot;Gra\u00e7as \u00e0 an\u00e1lise que realizamos na fase inicial, podemos identificar os canais mais adequados para fazer com que o target se apaixone pela marca.\\n\\nUma vez que os canais foram definidos, s\u00f3 temos que ser notados. Se formos bem-sucedidos, os usu\u00e1rios ir\u00e3o interagir e come\u00e7ar a fidelizar. Mas o desafio n\u00e3o termina a\u00ed.\\n\\nDependendo do canal, a cria\u00e7\u00e3o de di\u00e1logos e intera\u00e7\u00f5es varia muito em intensidade e forma. Apesar disso, uma constante est\u00e1 sempre presente: \u00e9 importante manter os usu\u00e1rios ativos, e isso se consegue com o fornecimento constante de conte\u00fados interessantes, que estimulam a intera\u00e7\u00e3o dos usu\u00e1rios.\\n\\nA equipe Blue Manakin \u00e9 especialista em criar conversas e maximizar as intera\u00e7\u00f5es de cada perfil social.&quot;}\" data-sheets-userformat=\"{&quot;2&quot;:7043,&quot;3&quot;:{&quot;1&quot;:0},&quot;4&quot;:{&quot;1&quot;:2,&quot;2&quot;:16777215},&quot;10&quot;:0,&quot;11&quot;:4,&quot;12&quot;:0,&quot;14&quot;:{&quot;1&quot;:2,&quot;2&quot;:0},&quot;15&quot;:&quot;Helvetica&quot;}\">Gra\u00e7as \u00e0 <strong>an\u00e1lise que realizamos na fase inicial<\/strong>, podemos identificar os canais mais adequados para fazer com que o target se apaixone pela marca.\r\n\r\nUma vez que os canais foram definidos, s\u00f3 temos que ser notados. Se formos bem-sucedidos, os usu\u00e1rios ir\u00e3o interagir e come\u00e7ar a fidelizar. Mas o desafio n\u00e3o termina a\u00ed.\r\n\r\nDependendo do canal, a cria\u00e7\u00e3o de di\u00e1logos e intera\u00e7\u00f5es varia muito em intensidade e forma. Apesar disso, uma constante est\u00e1 sempre presente: \u00e9 importante manter os usu\u00e1rios ativos, e isso se consegue com o fornecimento constante de conte\u00fados interessantes, que estimulam a intera\u00e7\u00e3o dos usu\u00e1rios.\r\n\r\nA equipe Blue Manakin \u00e9 especialista em criar conversas e maximizar as intera\u00e7\u00f5es de cada perfil social.<\/span>\t\t\t\t\t\t\t\t<\/div>\n\t\t\t\t<\/div>\n\t\t\t\t\t<\/div>\n\t\t<\/div>\n\t\t\t\t\t<\/div>\n\t\t<\/section>\n\t\t\t\t\t<\/div>\n\t\t<\/div>\n\t\t\t\t\t<\/div>\n\t\t<\/section>\n\t\t\t\t<section class=\"elementor-section elementor-top-section elementor-element elementor-element-19635e8a elementor-section-boxed elementor-section-height-default elementor-section-height-default wpr-particle-no wpr-jarallax-no wpr-parallax-no wpr-sticky-section-no wpr-column-slider-no wpr-equal-height-no\" data-id=\"19635e8a\" data-element_type=\"section\">\n\t\t\t\t\t\t<div class=\"elementor-container elementor-column-gap-default\">\n\t\t\t\t\t<div class=\"elementor-column elementor-col-100 elementor-top-column elementor-element elementor-element-495426ff\" data-id=\"495426ff\" data-element_type=\"column\">\n\t\t\t<div class=\"elementor-widget-wrap elementor-element-populated\">\n\t\t\t\t\t\t<div class=\"elementor-element elementor-element-7ec5f5a elementor-widget elementor-widget-spacer\" data-id=\"7ec5f5a\" data-element_type=\"widget\" data-widget_type=\"spacer.default\">\n\t\t\t\t<div class=\"elementor-widget-container\">\n\t\t\t\t\t\t\t<div class=\"elementor-spacer\">\n\t\t\t<div class=\"elementor-spacer-inner\"><\/div>\n\t\t<\/div>\n\t\t\t\t\t\t<\/div>\n\t\t\t\t<\/div>\n\t\t\t\t<div class=\"elementor-element elementor-element-34582d9d elementor-widget elementor-widget-heading\" data-id=\"34582d9d\" data-element_type=\"widget\" data-widget_type=\"heading.default\">\n\t\t\t\t<div class=\"elementor-widget-container\">\n\t\t\t\t\t<h2 class=\"elementor-heading-title elementor-size-default\">Encontrar mais servi\u00e7os<\/h2>\t\t\t\t<\/div>\n\t\t\t\t<\/div>\n\t\t\t\t<div class=\"elementor-element elementor-element-2f1b9676 elementor-widget elementor-widget-unico_Services_V2\" data-id=\"2f1b9676\" data-element_type=\"widget\" data-widget_type=\"unico_Services_V2.default\">\n\t\t\t\t<div class=\"elementor-widget-container\">\n\t\t\t\t\t\t\t\n        <!-- ============================ All Tools Start ================================== -->\n\n\t\t<!-- BM - OBTENER EL SLUG PARA ASI NO LISTAR EL SERVICIO EN TRUNO -->\n\t\t\t\t<!-- -------------------- -->\n        <section class=\"\">\n            <div class=\"container\">\n                                <div class=\"row\">\n                    \t\t\t\t\t\t\t\t\t\t                    <div class=\"col-lg-4 col-md-4 mb-4\">\n                        <div class=\"feature feature-1 services-bm1\">\n                            <div class=\"feature__body boxed bg-box-bm2\">\n                                <h4><a href=\"\/pt-br\/producao-em-massa\/\">Produ\u00e7\u00e3o em Massa<\/a><\/h4>\n                                <a href=\"\/pt-br\/producao-em-massa\/\" class=\"read-more\">Saiba mais<i class=\"ti-arrow-right\"><\/i><\/a>\n\t\t\t\t\t\t\n                            <\/div>\n                        <\/div>\n                    <\/div>\n\t\t\t\t\t                    \t\t\t\t\t\t\t\t\t\t                    <div class=\"col-lg-4 col-md-4 mb-4\">\n                        <div class=\"feature feature-1 services-bm1\">\n                            <div class=\"feature__body boxed bg-box-bm2\">\n                                <h4><a href=\"\/pt-br\/agencia-digital\/design-e-desenvolvimento-de-sites-web\/\">Design e Desenvolvimento de Sites Web<\/a><\/h4>\n                                <a href=\"\/pt-br\/agencia-digital\/design-e-desenvolvimento-de-sites-web\/\" class=\"read-more\">Saiba mais<i class=\"ti-arrow-right\"><\/i><\/a>\n\t\t\t\t\t\t\n                            <\/div>\n                        <\/div>\n                    <\/div>\n\t\t\t\t\t                    \t\t\t\t\t\t\t\t\t\t                    <div class=\"col-lg-4 col-md-4 mb-4\">\n                        <div class=\"feature feature-1 services-bm1\">\n                            <div class=\"feature__body boxed bg-box-bm2\">\n                                <h4><a href=\"\/pt-br\/agencia-digital\/desenvolvimento-de-landing-pages\/\">Cria\u00e7\u00e3o de Landing Pages<\/a><\/h4>\n                                <a href=\"\/pt-br\/agencia-digital\/desenvolvimento-de-landing-pages\/\" class=\"read-more\">Saiba mais<i class=\"ti-arrow-right\"><\/i><\/a>\n\t\t\t\t\t\t\n                            <\/div>\n                        <\/div>\n                    <\/div>\n\t\t\t\t\t                    \t\t\t\t\t\t\t\t\t\t                    <div class=\"col-lg-4 col-md-4 mb-4\">\n                        <div class=\"feature feature-1 services-bm1\">\n                            <div class=\"feature__body boxed bg-box-bm2\">\n                                <h4><a href=\"\/pt-br\/agencia-digital\/banners-design-e-formatos-variaveis\/\">Banner: Design e formatos escal\u00e1veis<\/a><\/h4>\n                                <a href=\"\/pt-br\/agencia-digital\/banners-design-e-formatos-variaveis\/\" class=\"read-more\">Saiba mais<i class=\"ti-arrow-right\"><\/i><\/a>\n\t\t\t\t\t\t\n                            <\/div>\n                        <\/div>\n                    <\/div>\n\t\t\t\t\t                    \t\t\t\t\t\t\t\t\t\t                    <div class=\"col-lg-4 col-md-4 mb-4\">\n                        <div class=\"feature feature-1 services-bm1\">\n                            <div class=\"feature__body boxed bg-box-bm2\">\n                                <h4><a href=\"\/pt-br\/agencia-digital\/producao-de-videos\/\">Produ\u00e7\u00e3o de V\u00eddeos<\/a><\/h4>\n                                <a href=\"\/pt-br\/agencia-digital\/producao-de-videos\/\" class=\"read-more\">Saiba mais<i class=\"ti-arrow-right\"><\/i><\/a>\n\t\t\t\t\t\t\n                            <\/div>\n                        <\/div>\n                    <\/div>\n\t\t\t\t\t                    \t\t\t\t\t\t\t\t\t\t                    \t\t\t\t\t\t\t\t\t\t                    <div class=\"col-lg-4 col-md-4 mb-4\">\n                        <div class=\"feature feature-1 services-bm1\">\n                            <div class=\"feature__body boxed bg-box-bm2\">\n                                <h4><a href=\"\/pt-br\/agencia-digital\/influencers-relacoes-publicas-e-midias\/\">Influencers, Rela\u00e7\u00f5es P\u00fablicas e M\u00eddia<\/a><\/h4>\n                                <a href=\"\/pt-br\/agencia-digital\/influencers-relacoes-publicas-e-midias\/\" class=\"read-more\">Saiba mais<i class=\"ti-arrow-right\"><\/i><\/a>\n\t\t\t\t\t\t\n                            <\/div>\n                        <\/div>\n                    <\/div>\n\t\t\t\t\t                    \t\t\t\t\t\t\t\t\t\t                    <div class=\"col-lg-4 col-md-4 mb-4\">\n                        <div class=\"feature feature-1 services-bm1\">\n                            <div class=\"feature__body boxed bg-box-bm2\">\n                                <h4><a href=\"\/pt-br\/agencia-digital\/posicionamento-seo-no-google\/\">Posicionamento SEO no Google<\/a><\/h4>\n                                <a href=\"\/pt-br\/agencia-digital\/posicionamento-seo-no-google\/\" class=\"read-more\">Saiba mais<i class=\"ti-arrow-right\"><\/i><\/a>\n\t\t\t\t\t\t\n                            <\/div>\n                        <\/div>\n                    <\/div>\n\t\t\t\t\t                    \t\t\t\t\t\t\t\t\t\t                    <div class=\"col-lg-4 col-md-4 mb-4\">\n                        <div class=\"feature feature-1 services-bm1\">\n                            <div class=\"feature__body boxed bg-box-bm2\">\n                                <h4><a href=\"\/pt-br\/agencia-digital\/copywriting-seo\/\">Copywriting &#038; SEO<\/a><\/h4>\n                                <a href=\"\/pt-br\/agencia-digital\/copywriting-seo\/\" class=\"read-more\">Saiba mais<i class=\"ti-arrow-right\"><\/i><\/a>\n\t\t\t\t\t\t\n                            <\/div>\n                        <\/div>\n                    <\/div>\n\t\t\t\t\t                    \t\t\t\t\t\t\t\t\t\t                    <div class=\"col-lg-4 col-md-4 mb-4\">\n                        <div class=\"feature feature-1 services-bm1\">\n                            <div class=\"feature__body boxed bg-box-bm2\">\n                                <h4><a href=\"\/pt-br\/agencia-digital\/sem-e-campanhas-de-midia\/\">SEM e Campanhas de M\u00eddia<\/a><\/h4>\n                                <a href=\"\/pt-br\/agencia-digital\/sem-e-campanhas-de-midia\/\" class=\"read-more\">Saiba mais<i class=\"ti-arrow-right\"><\/i><\/a>\n\t\t\t\t\t\t\n                            <\/div>\n                        <\/div>\n                    <\/div>\n\t\t\t\t\t                    \t\t\t\t\t\t\t\t\t\t                    <div class=\"col-lg-4 col-md-4 mb-4\">\n                        <div class=\"feature feature-1 services-bm1\">\n                            <div class=\"feature__body boxed bg-box-bm2\">\n                                <h4><a href=\"\/pt-br\/producao-em-massa\/\">Outsourcing: Gerenciamento de Projeto<\/a><\/h4>\n                                <a href=\"\/pt-br\/producao-em-massa\/\" class=\"read-more\">Saiba mais<i class=\"ti-arrow-right\"><\/i><\/a>\n\t\t\t\t\t\t\n                            <\/div>\n                        <\/div>\n                    <\/div>\n\t\t\t\t\t                                    <\/div>\n                \n            <\/div>\n        <\/section>\n        <div class=\"clearfix\"><\/div>\n        <!-- ============================ All Tools End ================================== -->\n        \n        \t\t\t\t<\/div>\n\t\t\t\t<\/div>\n\t\t\t\t\t<\/div>\n\t\t<\/div>\n\t\t\t\t\t<\/div>\n\t\t<\/section>\n\t\t\t\t<\/div>\n\t\t","protected":false},"excerpt":{"rendered":"<p>M\u00eddia Social &#038; Gerenciamento de Comunidade Estrat\u00e9gia de Comunica\u00e7\u00e3o para M\u00eddia Social Nossa estrat\u00e9gia de m\u00eddia social e servi\u00e7o de gest\u00e3o de comunidades se adapta \u00e0s necessidades de cada cliente. Cuidamos do seu projeto seguindo estes passos: Estudamos a marca, seus valores e hist\u00f3ria, seus concorrentes e sua atual presen\u00e7a social Analisamos o target e selecionamos as redes sociais de acordo com o estilo e as necessidades da marca Vamos definir o tom de voz Selecionamos os temas que ser\u00e3o abordados nos diferentes canais Propomos um plano editorial que reflita as expectativas e necessidades da marca Produzimos os conte\u00fados e definimos o calend\u00e1rio editorial com o cliente Fale conosco Gerentes de Comunidades Os gerentes de comunidade s\u00e3o essenciais hoje para gerenciar a comunica\u00e7\u00e3o com os usu\u00e1rios de diferentes canais sociais. Um gerente de comunidade experiente pode melhorar exponencialmente o engajamento, a conscientiza\u00e7\u00e3o e a reten\u00e7\u00e3o de seguidores\/clientes. Alguns dos pontos-chave do nosso servi\u00e7o de gest\u00e3o comunit\u00e1ria s\u00e3o: Di\u00e1logos tem\u00e1ticos, dedicados \u00e0 marca, produto ou servi\u00e7o. Mensagens impactantes, alinhadas com os objetivos. Cada mensagem tem um efeito, aproveitamos todas as oportunidades. Tom de voz definido, para manter a comunica\u00e7\u00e3o reconhec\u00edvel e adequada ao estilo da marca. Qualidade do conte\u00fado. \u00c9 melhor n\u00e3o publicar do que publicar conte\u00fado que diminua a percep\u00e7\u00e3o da qualidade est\u00e9tica e\/ou tem\u00e1tica do perfil. Respostas r\u00e1pidas. Para gerenciar quaisquer quest\u00f5es cr\u00edticas e aumentar a rela\u00e7\u00e3o de confian\u00e7a entre usu\u00e1rios e marcas. Di\u00e1logos Tem\u00e1ticos Gra\u00e7as \u00e0 an\u00e1lise que realizamos na fase inicial, podemos identificar os canais mais adequados para fazer com que o target se apaixone pela marca. Uma vez que os canais foram definidos, s\u00f3 temos que ser notados. Se formos bem-sucedidos, os usu\u00e1rios ir\u00e3o interagir e come\u00e7ar a fidelizar. Mas o desafio n\u00e3o termina a\u00ed. Dependendo do canal, a cria\u00e7\u00e3o de di\u00e1logos e intera\u00e7\u00f5es varia muito em intensidade e forma. Apesar disso, uma constante est\u00e1 sempre presente: \u00e9 importante manter os usu\u00e1rios ativos, e isso se consegue com o fornecimento constante de conte\u00fados interessantes, que estimulam a intera\u00e7\u00e3o dos usu\u00e1rios. A equipe Blue Manakin \u00e9 especialista em criar conversas e maximizar as intera\u00e7\u00f5es de cada perfil social. Encontrar mais servi\u00e7os Producci\u00f3n Masiva More Dise\u00f1o y desarrollo de p\u00e1ginas web More Desarrollo de Landing pages More Banners: Dise\u00f1o y adaptaci\u00f3n de formatos More Producci\u00f3n de videos en Motion Graphic More Social media &#038; Community management More Influencers, relaciones p\u00fablicas y medios More Posicionamiento SEO en Google More SEO Copywriting More Campa\u00f1as SEM y paid media More Project management outsourcing More<\/p>\n","protected":false},"author":6,"featured_media":0,"parent":19028,"menu_order":0,"comment_status":"closed","ping_status":"closed","template":"","meta":{"content-type":"","telegram_tosend":false,"telegram_tosend_message":"","telegram_tosend_target":0,"ep_exclude_from_search":false,"footnotes":""},"class_list":["post-19331","page","type-page","status-publish","hentry"],"yoast_head":"<!-- This site is optimized with the Yoast SEO plugin v24.4 - https:\/\/yoast.com\/wordpress\/plugins\/seo\/ -->\n<title>M\u00eddia Social &amp; Gerenciamento de Comunidade | Blue Manakin<\/title>\n<meta name=\"description\" content=\"Blue Manakin fornece M\u00eddias Sociais e servi\u00e7os de gest\u00e3o de comunidades, realizando uma estrat\u00e9gia digital adaptada \u00e0s necessidades de cada cliente.\" \/>\n<meta name=\"robots\" content=\"index, follow, max-snippet:-1, max-image-preview:large, max-video-preview:-1\" \/>\n<link rel=\"canonical\" href=\"https:\/\/thebluemanakin.com\/pt-br\/agencia-digital\/midia-social-gerenciamento-de-comunidade\/\" \/>\n<meta property=\"og:locale\" content=\"pt_BR\" \/>\n<meta property=\"og:type\" content=\"article\" \/>\n<meta property=\"og:title\" content=\"M\u00eddia Social &amp; Gerenciamento de Comunidade | Blue Manakin\" \/>\n<meta property=\"og:description\" content=\"Blue Manakin fornece M\u00eddias Sociais e servi\u00e7os de gest\u00e3o de comunidades, realizando uma estrat\u00e9gia digital adaptada \u00e0s necessidades de cada cliente.\" \/>\n<meta property=\"og:url\" content=\"https:\/\/thebluemanakin.com\/pt-br\/agencia-digital\/midia-social-gerenciamento-de-comunidade\/\" \/>\n<meta property=\"og:site_name\" content=\"Blue Manakin\" \/>\n<meta property=\"article:modified_time\" content=\"2022-07-22T05:54:57+00:00\" \/>\n<meta property=\"og:image\" content=\"https:\/\/thebluemanakin.com\/wp-content\/uploads\/2021\/08\/ig-post-frame-1.png\" \/>\n<meta name=\"twitter:card\" content=\"summary_large_image\" \/>\n<meta name=\"twitter:title\" content=\"M\u00eddia Social &amp; Gerenciamento de Comunidade | Blue Manakin\" \/>\n<meta name=\"twitter:description\" content=\"Blue Manakin fornece M\u00eddias Sociais e servi\u00e7os de gest\u00e3o de comunidades, realizando uma estrat\u00e9gia digital adaptada \u00e0s necessidades de cada cliente.\" \/>\n<meta name=\"twitter:site\" content=\"@thebluemanakin\" \/>\n<meta name=\"twitter:label1\" content=\"Est. tempo de leitura\" \/>\n\t<meta name=\"twitter:data1\" content=\"2 minutos\" \/>\n<script type=\"application\/ld+json\" class=\"yoast-schema-graph\">{\"@context\":\"https:\/\/schema.org\",\"@graph\":[{\"@type\":\"WebPage\",\"@id\":\"https:\/\/thebluemanakin.com\/pt-br\/agencia-digital\/midia-social-gerenciamento-de-comunidade\/\",\"url\":\"https:\/\/thebluemanakin.com\/pt-br\/agencia-digital\/midia-social-gerenciamento-de-comunidade\/\",\"name\":\"M\u00eddia Social & Gerenciamento de Comunidade | Blue Manakin\",\"isPartOf\":{\"@id\":\"https:\/\/thebluemanakin.com\/#website\"},\"primaryImageOfPage\":{\"@id\":\"https:\/\/thebluemanakin.com\/pt-br\/agencia-digital\/midia-social-gerenciamento-de-comunidade\/#primaryimage\"},\"image\":{\"@id\":\"https:\/\/thebluemanakin.com\/pt-br\/agencia-digital\/midia-social-gerenciamento-de-comunidade\/#primaryimage\"},\"thumbnailUrl\":\"https:\/\/thebluemanakin.com\/wp-content\/uploads\/2021\/08\/ig-post-frame-1.png\",\"datePublished\":\"2021-07-30T21:32:40+00:00\",\"dateModified\":\"2022-07-22T05:54:57+00:00\",\"description\":\"Blue Manakin fornece M\u00eddias Sociais e servi\u00e7os de gest\u00e3o de comunidades, realizando uma estrat\u00e9gia digital adaptada \u00e0s necessidades de cada cliente.\",\"breadcrumb\":{\"@id\":\"https:\/\/thebluemanakin.com\/pt-br\/agencia-digital\/midia-social-gerenciamento-de-comunidade\/#breadcrumb\"},\"inLanguage\":\"pt-BR\",\"potentialAction\":[{\"@type\":\"ReadAction\",\"target\":[\"https:\/\/thebluemanakin.com\/pt-br\/agencia-digital\/midia-social-gerenciamento-de-comunidade\/\"]}]},{\"@type\":\"ImageObject\",\"inLanguage\":\"pt-BR\",\"@id\":\"https:\/\/thebluemanakin.com\/pt-br\/agencia-digital\/midia-social-gerenciamento-de-comunidade\/#primaryimage\",\"url\":\"https:\/\/thebluemanakin.com\/wp-content\/uploads\/2021\/08\/ig-post-frame-1.png\",\"contentUrl\":\"https:\/\/thebluemanakin.com\/wp-content\/uploads\/2021\/08\/ig-post-frame-1.png\"},{\"@type\":\"BreadcrumbList\",\"@id\":\"https:\/\/thebluemanakin.com\/pt-br\/agencia-digital\/midia-social-gerenciamento-de-comunidade\/#breadcrumb\",\"itemListElement\":[{\"@type\":\"ListItem\",\"position\":1,\"name\":\"Home\",\"item\":\"https:\/\/thebluemanakin.com\/\"},{\"@type\":\"ListItem\",\"position\":2,\"name\":\"Ag\u00eancia Digital\",\"item\":\"https:\/\/thebluemanakin.com\/pt-br\/agencia-digital\/\"},{\"@type\":\"ListItem\",\"position\":3,\"name\":\"M\u00eddia Social &#038; Gerenciamento de Comunidade\"}]},{\"@type\":\"WebSite\",\"@id\":\"https:\/\/thebluemanakin.com\/#website\",\"url\":\"https:\/\/thebluemanakin.com\/\",\"name\":\"Blue Manakin\",\"description\":\"Blue Manakin. Come Dance With Us!\",\"publisher\":{\"@id\":\"https:\/\/thebluemanakin.com\/#organization\"},\"potentialAction\":[{\"@type\":\"SearchAction\",\"target\":{\"@type\":\"EntryPoint\",\"urlTemplate\":\"https:\/\/thebluemanakin.com\/?s={search_term_string}\"},\"query-input\":{\"@type\":\"PropertyValueSpecification\",\"valueRequired\":true,\"valueName\":\"search_term_string\"}}],\"inLanguage\":\"pt-BR\"},{\"@type\":\"Organization\",\"@id\":\"https:\/\/thebluemanakin.com\/#organization\",\"name\":\"Blue Manakin\",\"url\":\"https:\/\/thebluemanakin.com\/\",\"logo\":{\"@type\":\"ImageObject\",\"inLanguage\":\"pt-BR\",\"@id\":\"https:\/\/thebluemanakin.com\/#\/schema\/logo\/image\/\",\"url\":\"https:\/\/thebluemanakin.com\/wp-content\/uploads\/2021\/07\/cropped-logo-header.png\",\"contentUrl\":\"https:\/\/thebluemanakin.com\/wp-content\/uploads\/2021\/07\/cropped-logo-header.png\",\"width\":613,\"height\":250,\"caption\":\"Blue Manakin\"},\"image\":{\"@id\":\"https:\/\/thebluemanakin.com\/#\/schema\/logo\/image\/\"},\"sameAs\":[\"https:\/\/x.com\/thebluemanakin\",\"https:\/\/www.instagram.com\/thebluemanakin\/\",\"https:\/\/www.linkedin.com\/company\/blue-manakin\"]}]}<\/script>\n<!-- \/ Yoast SEO plugin. -->","yoast_head_json":{"title":"M\u00eddia Social & Gerenciamento de Comunidade | Blue Manakin","description":"Blue Manakin fornece M\u00eddias Sociais e servi\u00e7os de gest\u00e3o de comunidades, realizando uma estrat\u00e9gia digital adaptada \u00e0s necessidades de cada cliente.","robots":{"index":"index","follow":"follow","max-snippet":"max-snippet:-1","max-image-preview":"max-image-preview:large","max-video-preview":"max-video-preview:-1"},"canonical":"https:\/\/thebluemanakin.com\/pt-br\/agencia-digital\/midia-social-gerenciamento-de-comunidade\/","og_locale":"pt_BR","og_type":"article","og_title":"M\u00eddia Social & Gerenciamento de Comunidade | Blue Manakin","og_description":"Blue Manakin fornece M\u00eddias Sociais e servi\u00e7os de gest\u00e3o de comunidades, realizando uma estrat\u00e9gia digital adaptada \u00e0s necessidades de cada cliente.","og_url":"https:\/\/thebluemanakin.com\/pt-br\/agencia-digital\/midia-social-gerenciamento-de-comunidade\/","og_site_name":"Blue Manakin","article_modified_time":"2022-07-22T05:54:57+00:00","og_image":[{"url":"https:\/\/thebluemanakin.com\/wp-content\/uploads\/2021\/08\/ig-post-frame-1.png","type":"","width":"","height":""}],"twitter_card":"summary_large_image","twitter_title":"M\u00eddia Social & Gerenciamento de Comunidade | Blue Manakin","twitter_description":"Blue Manakin fornece M\u00eddias Sociais e servi\u00e7os de gest\u00e3o de comunidades, realizando uma estrat\u00e9gia digital adaptada \u00e0s necessidades de cada cliente.","twitter_site":"@thebluemanakin","twitter_misc":{"Est. tempo de leitura":"2 minutos"},"schema":{"@context":"https:\/\/schema.org","@graph":[{"@type":"WebPage","@id":"https:\/\/thebluemanakin.com\/pt-br\/agencia-digital\/midia-social-gerenciamento-de-comunidade\/","url":"https:\/\/thebluemanakin.com\/pt-br\/agencia-digital\/midia-social-gerenciamento-de-comunidade\/","name":"M\u00eddia Social & Gerenciamento de Comunidade | Blue Manakin","isPartOf":{"@id":"https:\/\/thebluemanakin.com\/#website"},"primaryImageOfPage":{"@id":"https:\/\/thebluemanakin.com\/pt-br\/agencia-digital\/midia-social-gerenciamento-de-comunidade\/#primaryimage"},"image":{"@id":"https:\/\/thebluemanakin.com\/pt-br\/agencia-digital\/midia-social-gerenciamento-de-comunidade\/#primaryimage"},"thumbnailUrl":"https:\/\/thebluemanakin.com\/wp-content\/uploads\/2021\/08\/ig-post-frame-1.png","datePublished":"2021-07-30T21:32:40+00:00","dateModified":"2022-07-22T05:54:57+00:00","description":"Blue Manakin fornece M\u00eddias Sociais e servi\u00e7os de gest\u00e3o de comunidades, realizando uma estrat\u00e9gia digital adaptada \u00e0s necessidades de cada cliente.","breadcrumb":{"@id":"https:\/\/thebluemanakin.com\/pt-br\/agencia-digital\/midia-social-gerenciamento-de-comunidade\/#breadcrumb"},"inLanguage":"pt-BR","potentialAction":[{"@type":"ReadAction","target":["https:\/\/thebluemanakin.com\/pt-br\/agencia-digital\/midia-social-gerenciamento-de-comunidade\/"]}]},{"@type":"ImageObject","inLanguage":"pt-BR","@id":"https:\/\/thebluemanakin.com\/pt-br\/agencia-digital\/midia-social-gerenciamento-de-comunidade\/#primaryimage","url":"https:\/\/thebluemanakin.com\/wp-content\/uploads\/2021\/08\/ig-post-frame-1.png","contentUrl":"https:\/\/thebluemanakin.com\/wp-content\/uploads\/2021\/08\/ig-post-frame-1.png"},{"@type":"BreadcrumbList","@id":"https:\/\/thebluemanakin.com\/pt-br\/agencia-digital\/midia-social-gerenciamento-de-comunidade\/#breadcrumb","itemListElement":[{"@type":"ListItem","position":1,"name":"Home","item":"https:\/\/thebluemanakin.com\/"},{"@type":"ListItem","position":2,"name":"Ag\u00eancia Digital","item":"https:\/\/thebluemanakin.com\/pt-br\/agencia-digital\/"},{"@type":"ListItem","position":3,"name":"M\u00eddia Social &#038; Gerenciamento de Comunidade"}]},{"@type":"WebSite","@id":"https:\/\/thebluemanakin.com\/#website","url":"https:\/\/thebluemanakin.com\/","name":"Blue Manakin","description":"Blue Manakin. Come Dance With Us!","publisher":{"@id":"https:\/\/thebluemanakin.com\/#organization"},"potentialAction":[{"@type":"SearchAction","target":{"@type":"EntryPoint","urlTemplate":"https:\/\/thebluemanakin.com\/?s={search_term_string}"},"query-input":{"@type":"PropertyValueSpecification","valueRequired":true,"valueName":"search_term_string"}}],"inLanguage":"pt-BR"},{"@type":"Organization","@id":"https:\/\/thebluemanakin.com\/#organization","name":"Blue Manakin","url":"https:\/\/thebluemanakin.com\/","logo":{"@type":"ImageObject","inLanguage":"pt-BR","@id":"https:\/\/thebluemanakin.com\/#\/schema\/logo\/image\/","url":"https:\/\/thebluemanakin.com\/wp-content\/uploads\/2021\/07\/cropped-logo-header.png","contentUrl":"https:\/\/thebluemanakin.com\/wp-content\/uploads\/2021\/07\/cropped-logo-header.png","width":613,"height":250,"caption":"Blue Manakin"},"image":{"@id":"https:\/\/thebluemanakin.com\/#\/schema\/logo\/image\/"},"sameAs":["https:\/\/x.com\/thebluemanakin","https:\/\/www.instagram.com\/thebluemanakin\/","https:\/\/www.linkedin.com\/company\/blue-manakin"]}]}},"_links":{"self":[{"href":"https:\/\/thebluemanakin.com\/pt-br\/wp-json\/wp\/v2\/pages\/19331","targetHints":{"allow":["GET"]}}],"collection":[{"href":"https:\/\/thebluemanakin.com\/pt-br\/wp-json\/wp\/v2\/pages"}],"about":[{"href":"https:\/\/thebluemanakin.com\/pt-br\/wp-json\/wp\/v2\/types\/page"}],"author":[{"embeddable":true,"href":"https:\/\/thebluemanakin.com\/pt-br\/wp-json\/wp\/v2\/users\/6"}],"replies":[{"embeddable":true,"href":"https:\/\/thebluemanakin.com\/pt-br\/wp-json\/wp\/v2\/comments?post=19331"}],"version-history":[{"count":1,"href":"https:\/\/thebluemanakin.com\/pt-br\/wp-json\/wp\/v2\/pages\/19331\/revisions"}],"predecessor-version":[{"id":19332,"href":"https:\/\/thebluemanakin.com\/pt-br\/wp-json\/wp\/v2\/pages\/19331\/revisions\/19332"}],"up":[{"embeddable":true,"href":"https:\/\/thebluemanakin.com\/pt-br\/wp-json\/wp\/v2\/pages\/19028"}],"wp:attachment":[{"href":"https:\/\/thebluemanakin.com\/pt-br\/wp-json\/wp\/v2\/media?parent=19331"}],"curies":[{"name":"wp","href":"https:\/\/api.w.org\/{rel}","templated":true}]}}